{"id":115,"date":"2016-11-23T13:13:10","date_gmt":"2016-11-23T12:13:10","guid":{"rendered":"http:\/\/etho-diversite.fr\/?page_id=115"},"modified":"2017-12-20T12:32:49","modified_gmt":"2017-12-20T11:32:49","slug":"les-bovins","status":"publish","type":"page","link":"https:\/\/www.etho-diversite.fr\/index.php\/mes-animaux\/les-bovins\/","title":{"rendered":"Les Bovins"},"content":{"rendered":"<p>Je vous pr\u00e9sente mes \u00e9l\u00e8ves bovins.\u00a0Les cours se d\u00e9roulent dans une petite vall\u00e9e Cantalienne sur le C\u00e9zallier \u00e0 1100m d\u2019altitude.\u00a0Les meilleures conditions de vie sont offertes \u00e0 mes \u00e9l\u00e8ves :<\/p>\n<p><img decoding=\"async\" loading=\"lazy\" class=\"wp-image-261 size-full aligncenter\" src=\"http:\/\/etho-diversite.fr\/wp-content\/uploads\/2016\/11\/10996340_1430035607295392_4063041382153442374_n-e1479921777638.jpg\" alt=\"vaches salers\" width=\"960\" height=\"403\" srcset=\"https:\/\/www.etho-diversite.fr\/wp-content\/uploads\/2016\/11\/10996340_1430035607295392_4063041382153442374_n-e1479921777638.jpg 960w, https:\/\/www.etho-diversite.fr\/wp-content\/uploads\/2016\/11\/10996340_1430035607295392_4063041382153442374_n-e1479921777638-300x126.jpg 300w, https:\/\/www.etho-diversite.fr\/wp-content\/uploads\/2016\/11\/10996340_1430035607295392_4063041382153442374_n-e1479921777638-768x322.jpg 768w\" sizes=\"(max-width: 960px) 100vw, 960px\" \/><\/p>\n<h1 style=\"text-align: center;\">MES VELLES SALERS &#8211; JEUNES ANIMAUX DE 1 AN<\/h1>\n<p>J&rsquo;ai mis en place un protocole pour travailler la docilit\u00e9 des jeunes animaux.<\/p>\n<p>Il a pour but d&rsquo;am\u00e9liorer la relation Homme\/Animal, de faciliter les manipulations et les diff\u00e9rents soins au cours de la vie de l&rsquo;animal (in\u00e9vitables en \u00e9levage).<\/p>\n<p>Ce protocole se base sur des \u00e9tudes de L&rsquo;INRA, d&rsquo;Ethologues, et de mon exp\u00e9rience d&rsquo;\u00e9leveuse de vaches Salers sur le terrain au quotidien.<\/p>\n<p>La docilit\u00e9 et la relation Homme\/Animal sont deux points abord\u00e9s, parmi tant d&rsquo;autres, lors de mes formations propos\u00e9s aux \u00e9leveurs.<\/p>\n<p><img decoding=\"async\" loading=\"lazy\" class=\"size-full wp-image-897 aligncenter\" src=\"http:\/\/etho-diversite.fr\/wp-content\/uploads\/2017\/12\/decouverte-objets-velles-salers-cantal.jpg\" alt=\"\" width=\"955\" height=\"577\" srcset=\"https:\/\/www.etho-diversite.fr\/wp-content\/uploads\/2017\/12\/decouverte-objets-velles-salers-cantal.jpg 955w, https:\/\/www.etho-diversite.fr\/wp-content\/uploads\/2017\/12\/decouverte-objets-velles-salers-cantal-300x181.jpg 300w, https:\/\/www.etho-diversite.fr\/wp-content\/uploads\/2017\/12\/decouverte-objets-velles-salers-cantal-768x464.jpg 768w\" sizes=\"(max-width: 955px) 100vw, 955px\" \/><\/p>\n<p style=\"text-align: center;\"><span style=\"color: #999999;\"><em>Exploration dans le calme des objets insolites par les jeunes animaux, meilleure gestion du stress, animaux moins \u00e9motifs.<\/em><\/span><\/p>\n<p><img decoding=\"async\" loading=\"lazy\" class=\"size-full wp-image-899 aligncenter\" src=\"http:\/\/etho-diversite.fr\/wp-content\/uploads\/2017\/12\/relation-homme-animal-protocole-de-docilite-jeune-velles-salers-ethologie.jpg\" alt=\"\" width=\"960\" height=\"720\" srcset=\"https:\/\/www.etho-diversite.fr\/wp-content\/uploads\/2017\/12\/relation-homme-animal-protocole-de-docilite-jeune-velles-salers-ethologie.jpg 960w, https:\/\/www.etho-diversite.fr\/wp-content\/uploads\/2017\/12\/relation-homme-animal-protocole-de-docilite-jeune-velles-salers-ethologie-300x225.jpg 300w, https:\/\/www.etho-diversite.fr\/wp-content\/uploads\/2017\/12\/relation-homme-animal-protocole-de-docilite-jeune-velles-salers-ethologie-768x576.jpg 768w\" sizes=\"(max-width: 960px) 100vw, 960px\" \/><\/p>\n<p>&nbsp;<\/p>\n","protected":false},"excerpt":{"rendered":"<p>Je vous pr\u00e9sente mes \u00e9l\u00e8ves bovins.\u00a0Les cours se d\u00e9roulent dans une petite vall\u00e9e Cantalienne sur le C\u00e9zallier \u00e0 1100m d\u2019altitude.\u00a0Les meilleures conditions de vie sont offertes \u00e0 mes \u00e9l\u00e8ves : MES VELLES SALERS &#8211; JEUNES ANIMAUX DE 1 AN J&rsquo;ai<\/p>\n","protected":false},"author":1,"featured_media":346,"parent":12,"menu_order":3,"comment_status":"closed","ping_status":"closed","template":"","meta":{"_exactmetrics_skip_tracking":false,"_exactmetrics_sitenote_active":false,"_exactmetrics_sitenote_note":"","_exactmetrics_sitenote_category":0},"yoast_head":"<!-- This site is optimized with the Yoast SEO plugin v21.8.1 - https:\/\/yoast.com\/wordpress\/plugins\/seo\/ -->\n<title>Les Bovins - Etho-Diversit\u00e9<\/title>\n<meta name=\"robots\" content=\"index, follow, max-snippet:-1, max-image-preview:large, max-video-preview:-1\" \/>\n<link rel=\"canonical\" href=\"https:\/\/www.etho-diversite.fr\/index.php\/mes-animaux\/les-bovins\/\" \/>\n<meta property=\"og:locale\" content=\"fr_FR\" \/>\n<meta property=\"og:type\" content=\"article\" \/>\n<meta property=\"og:title\" content=\"Les Bovins - Etho-Diversit\u00e9\" \/>\n<meta property=\"og:description\" content=\"Je vous pr\u00e9sente mes \u00e9l\u00e8ves bovins.\u00a0Les cours se d\u00e9roulent dans une petite vall\u00e9e Cantalienne sur le C\u00e9zallier \u00e0 1100m d\u2019altitude.\u00a0Les meilleures conditions de vie sont offertes \u00e0 mes \u00e9l\u00e8ves : MES VELLES SALERS &#8211; JEUNES ANIMAUX DE 1 AN J&rsquo;ai\" \/>\n<meta property=\"og:url\" content=\"https:\/\/www.etho-diversite.fr\/index.php\/mes-animaux\/les-bovins\/\" \/>\n<meta property=\"og:site_name\" content=\"Etho-Diversit\u00e9\" \/>\n<meta property=\"article:modified_time\" content=\"2017-12-20T11:32:49+00:00\" \/>\n<meta property=\"og:image\" content=\"https:\/\/www.etho-diversite.fr\/wp-content\/uploads\/2016\/11\/vedette0.jpg\" \/>\n\t<meta property=\"og:image:width\" content=\"347\" \/>\n\t<meta property=\"og:image:height\" content=\"420\" \/>\n\t<meta property=\"og:image:type\" content=\"image\/jpeg\" \/>\n<meta name=\"twitter:card\" content=\"summary_large_image\" \/>\n<meta name=\"twitter:site\" content=\"@etho_diversite\" \/>\n<meta name=\"twitter:label1\" content=\"Dur\u00e9e de lecture estim\u00e9e\" \/>\n\t<meta name=\"twitter:data1\" content=\"1 minute\" \/>\n<script type=\"application\/ld+json\" class=\"yoast-schema-graph\">{\"@context\":\"https:\/\/schema.org\",\"@graph\":[{\"@type\":\"WebPage\",\"@id\":\"https:\/\/www.etho-diversite.fr\/index.php\/mes-animaux\/les-bovins\/\",\"url\":\"https:\/\/www.etho-diversite.fr\/index.php\/mes-animaux\/les-bovins\/\",\"name\":\"Les Bovins - Etho-Diversit\u00e9\",\"isPartOf\":{\"@id\":\"https:\/\/www.etho-diversite.fr\/#website\"},\"datePublished\":\"2016-11-23T12:13:10+00:00\",\"dateModified\":\"2017-12-20T11:32:49+00:00\",\"breadcrumb\":{\"@id\":\"https:\/\/www.etho-diversite.fr\/index.php\/mes-animaux\/les-bovins\/#breadcrumb\"},\"inLanguage\":\"fr-FR\",\"potentialAction\":[{\"@type\":\"ReadAction\",\"target\":[\"https:\/\/www.etho-diversite.fr\/index.php\/mes-animaux\/les-bovins\/\"]}]},{\"@type\":\"BreadcrumbList\",\"@id\":\"https:\/\/www.etho-diversite.fr\/index.php\/mes-animaux\/les-bovins\/#breadcrumb\",\"itemListElement\":[{\"@type\":\"ListItem\",\"position\":1,\"name\":\"Accueil\",\"item\":\"https:\/\/www.etho-diversite.fr\/\"},{\"@type\":\"ListItem\",\"position\":2,\"name\":\"Mes Animaux\",\"item\":\"https:\/\/www.etho-diversite.fr\/index.php\/mes-animaux\/\"},{\"@type\":\"ListItem\",\"position\":3,\"name\":\"Les Bovins\"}]},{\"@type\":\"WebSite\",\"@id\":\"https:\/\/www.etho-diversite.fr\/#website\",\"url\":\"https:\/\/www.etho-diversite.fr\/\",\"name\":\"Etho-Diversit\u00e9\",\"description\":\"Ethologie Appliqu\u00e9e, Education Positive | EQUINS - BOVINS - CAPRINS\",\"publisher\":{\"@id\":\"https:\/\/www.etho-diversite.fr\/#\/schema\/person\/2db05b23d32d661768744ef0b2e3ed03\"},\"potentialAction\":[{\"@type\":\"SearchAction\",\"target\":{\"@type\":\"EntryPoint\",\"urlTemplate\":\"https:\/\/www.etho-diversite.fr\/?s={search_term_string}\"},\"query-input\":\"required name=search_term_string\"}],\"inLanguage\":\"fr-FR\"},{\"@type\":[\"Person\",\"Organization\"],\"@id\":\"https:\/\/www.etho-diversite.fr\/#\/schema\/person\/2db05b23d32d661768744ef0b2e3ed03\",\"name\":\"Pauline GARCIA | Etho-Diversit\u00e9\",\"image\":{\"@type\":\"ImageObject\",\"inLanguage\":\"fr-FR\",\"@id\":\"https:\/\/www.etho-diversite.fr\/#\/schema\/person\/image\/\",\"url\":\"https:\/\/www.etho-diversite.fr\/wp-content\/uploads\/2020\/07\/cropped-logo-Pauline-GARCIA-Etho-Diversit\u00e9-version-2019.jpg\",\"contentUrl\":\"https:\/\/www.etho-diversite.fr\/wp-content\/uploads\/2020\/07\/cropped-logo-Pauline-GARCIA-Etho-Diversit\u00e9-version-2019.jpg\",\"width\":2496,\"height\":2500,\"caption\":\"Pauline GARCIA | Etho-Diversit\u00e9\"},\"logo\":{\"@id\":\"https:\/\/www.etho-diversite.fr\/#\/schema\/person\/image\/\"},\"description\":\"\u00c9ducation positive bas\u00e9e sur l'\u00e9thologie, les besoins fondamentaux et le bien-\u00eatre de l'Animal, et plus particuli\u00e8rement ceux du cheval, de la vache, et de la ch\u00e8vre. Astuces, actualit\u00e9s, formations, stages, initiation, coaching sur etho-diversite.fr Coaching en ligne pour les 3 esp\u00e8ces et webinaire.\",\"sameAs\":[\"https:\/\/www.etho-diversit\u00e9.fr\"]}]}<\/script>\n<!-- \/ Yoast SEO plugin. -->","yoast_head_json":{"title":"Les Bovins - Etho-Diversit\u00e9","robots":{"index":"index","follow":"follow","max-snippet":"max-snippet:-1","max-image-preview":"max-image-preview:large","max-video-preview":"max-video-preview:-1"},"canonical":"https:\/\/www.etho-diversite.fr\/index.php\/mes-animaux\/les-bovins\/","og_locale":"fr_FR","og_type":"article","og_title":"Les Bovins - Etho-Diversit\u00e9","og_description":"Je vous pr\u00e9sente mes \u00e9l\u00e8ves bovins.\u00a0Les cours se d\u00e9roulent dans une petite vall\u00e9e Cantalienne sur le C\u00e9zallier \u00e0 1100m d\u2019altitude.\u00a0Les meilleures conditions de vie sont offertes \u00e0 mes \u00e9l\u00e8ves : MES VELLES SALERS &#8211; JEUNES ANIMAUX DE 1 AN J&rsquo;ai","og_url":"https:\/\/www.etho-diversite.fr\/index.php\/mes-animaux\/les-bovins\/","og_site_name":"Etho-Diversit\u00e9","article_modified_time":"2017-12-20T11:32:49+00:00","og_image":[{"width":347,"height":420,"url":"https:\/\/www.etho-diversite.fr\/wp-content\/uploads\/2016\/11\/vedette0.jpg","type":"image\/jpeg"}],"twitter_card":"summary_large_image","twitter_site":"@etho_diversite","twitter_misc":{"Dur\u00e9e de lecture estim\u00e9e":"1 minute"},"schema":{"@context":"https:\/\/schema.org","@graph":[{"@type":"WebPage","@id":"https:\/\/www.etho-diversite.fr\/index.php\/mes-animaux\/les-bovins\/","url":"https:\/\/www.etho-diversite.fr\/index.php\/mes-animaux\/les-bovins\/","name":"Les Bovins - Etho-Diversit\u00e9","isPartOf":{"@id":"https:\/\/www.etho-diversite.fr\/#website"},"datePublished":"2016-11-23T12:13:10+00:00","dateModified":"2017-12-20T11:32:49+00:00","breadcrumb":{"@id":"https:\/\/www.etho-diversite.fr\/index.php\/mes-animaux\/les-bovins\/#breadcrumb"},"inLanguage":"fr-FR","potentialAction":[{"@type":"ReadAction","target":["https:\/\/www.etho-diversite.fr\/index.php\/mes-animaux\/les-bovins\/"]}]},{"@type":"BreadcrumbList","@id":"https:\/\/www.etho-diversite.fr\/index.php\/mes-animaux\/les-bovins\/#breadcrumb","itemListElement":[{"@type":"ListItem","position":1,"name":"Accueil","item":"https:\/\/www.etho-diversite.fr\/"},{"@type":"ListItem","position":2,"name":"Mes Animaux","item":"https:\/\/www.etho-diversite.fr\/index.php\/mes-animaux\/"},{"@type":"ListItem","position":3,"name":"Les Bovins"}]},{"@type":"WebSite","@id":"https:\/\/www.etho-diversite.fr\/#website","url":"https:\/\/www.etho-diversite.fr\/","name":"Etho-Diversit\u00e9","description":"Ethologie Appliqu\u00e9e, Education Positive | EQUINS - BOVINS - CAPRINS","publisher":{"@id":"https:\/\/www.etho-diversite.fr\/#\/schema\/person\/2db05b23d32d661768744ef0b2e3ed03"},"potentialAction":[{"@type":"SearchAction","target":{"@type":"EntryPoint","urlTemplate":"https:\/\/www.etho-diversite.fr\/?s={search_term_string}"},"query-input":"required name=search_term_string"}],"inLanguage":"fr-FR"},{"@type":["Person","Organization"],"@id":"https:\/\/www.etho-diversite.fr\/#\/schema\/person\/2db05b23d32d661768744ef0b2e3ed03","name":"Pauline GARCIA | Etho-Diversit\u00e9","image":{"@type":"ImageObject","inLanguage":"fr-FR","@id":"https:\/\/www.etho-diversite.fr\/#\/schema\/person\/image\/","url":"https:\/\/www.etho-diversite.fr\/wp-content\/uploads\/2020\/07\/cropped-logo-Pauline-GARCIA-Etho-Diversit\u00e9-version-2019.jpg","contentUrl":"https:\/\/www.etho-diversite.fr\/wp-content\/uploads\/2020\/07\/cropped-logo-Pauline-GARCIA-Etho-Diversit\u00e9-version-2019.jpg","width":2496,"height":2500,"caption":"Pauline GARCIA | Etho-Diversit\u00e9"},"logo":{"@id":"https:\/\/www.etho-diversite.fr\/#\/schema\/person\/image\/"},"description":"\u00c9ducation positive bas\u00e9e sur l'\u00e9thologie, les besoins fondamentaux et le bien-\u00eatre de l'Animal, et plus particuli\u00e8rement ceux du cheval, de la vache, et de la ch\u00e8vre. Astuces, actualit\u00e9s, formations, stages, initiation, coaching sur etho-diversite.fr Coaching en ligne pour les 3 esp\u00e8ces et webinaire.","sameAs":["https:\/\/www.etho-diversit\u00e9.fr"]}]}},"_links":{"self":[{"href":"https:\/\/www.etho-diversite.fr\/index.php\/wp-json\/wp\/v2\/pages\/115"}],"collection":[{"href":"https:\/\/www.etho-diversite.fr\/index.php\/wp-json\/wp\/v2\/pages"}],"about":[{"href":"https:\/\/www.etho-diversite.fr\/index.php\/wp-json\/wp\/v2\/types\/page"}],"author":[{"embeddable":true,"href":"https:\/\/www.etho-diversite.fr\/index.php\/wp-json\/wp\/v2\/users\/1"}],"replies":[{"embeddable":true,"href":"https:\/\/www.etho-diversite.fr\/index.php\/wp-json\/wp\/v2\/comments?post=115"}],"version-history":[{"count":9,"href":"https:\/\/www.etho-diversite.fr\/index.php\/wp-json\/wp\/v2\/pages\/115\/revisions"}],"predecessor-version":[{"id":263,"href":"https:\/\/www.etho-diversite.fr\/index.php\/wp-json\/wp\/v2\/pages\/115\/revisions\/263"}],"up":[{"embeddable":true,"href":"https:\/\/www.etho-diversite.fr\/index.php\/wp-json\/wp\/v2\/pages\/12"}],"wp:featuredmedia":[{"embeddable":true,"href":"https:\/\/www.etho-diversite.fr\/index.php\/wp-json\/wp\/v2\/media\/346"}],"wp:attachment":[{"href":"https:\/\/www.etho-diversite.fr\/index.php\/wp-json\/wp\/v2\/media?parent=115"}],"curies":[{"name":"wp","href":"https:\/\/api.w.org\/{rel}","templated":true}]}}