{"id":15,"date":"2016-11-22T21:47:45","date_gmt":"2016-11-22T20:47:45","guid":{"rendered":"http:\/\/etho-diversite.fr\/?page_id=15"},"modified":"2016-11-24T19:12:12","modified_gmt":"2016-11-24T18:12:12","slug":"ethologie-appliquee","status":"publish","type":"page","link":"https:\/\/www.etho-diversite.fr\/index.php\/ethologie-appliquee\/","title":{"rendered":"Ethologie Appliqu\u00e9e"},"content":{"rendered":"<p style=\"text-align: justify;\"><span style=\"color: #ffffff;\">La Relation Homme-Animal<\/span><\/p>\n<p><!--more--><\/p>\n<p style=\"text-align: justify;\"><img decoding=\"async\" loading=\"lazy\" class=\"size-full wp-image-400 aligncenter\" src=\"http:\/\/etho-diversite.fr\/wp-content\/uploads\/2016\/11\/1779702_1490112271287725_5541051115735731386_n.jpg\" alt=\"ethologie animal chevre comportement\" width=\"960\" height=\"517\" srcset=\"https:\/\/www.etho-diversite.fr\/wp-content\/uploads\/2016\/11\/1779702_1490112271287725_5541051115735731386_n.jpg 960w, https:\/\/www.etho-diversite.fr\/wp-content\/uploads\/2016\/11\/1779702_1490112271287725_5541051115735731386_n-300x162.jpg 300w, https:\/\/www.etho-diversite.fr\/wp-content\/uploads\/2016\/11\/1779702_1490112271287725_5541051115735731386_n-768x414.jpg 768w\" sizes=\"(max-width: 960px) 100vw, 960px\" \/><\/p>\n<p style=\"text-align: justify;\">La demande des professionnels et non professionnels au contact d&rsquo;animaux est forte en mati\u00e8re d\u2019am\u00e9lioration de la relation Homme\/Animal.<\/p>\n<p style=\"text-align: justify;\">Suite \u00e0 des probl\u00e8mes de communication avec son animal, l\u2019homme s\u2019interroge sur l\u2019esp\u00e8ce et souhaite de plus en plus se faire accompagner et conseiller pour mettre en place une relation facilit\u00e9e \u00e0 partir d\u2019une \u00e9ducation raisonn\u00e9e. Vous rencontrez des probl\u00e8mes avec votre animal ? J\u2019applique mes m\u00e9thodes de travail chez tous les animaux qui poss\u00e8dent des sabots : le cheval, l\u2019\u00e2ne, la vache et la ch\u00e8vre.<\/p>\n<p style=\"text-align: justify;\">Les propri\u00e9taires de chiens souhaitent de plus en plus se faire encadrer dans l&rsquo;\u00e9ducation de leur compagnon ; V\u00e9ronique Valy, \u00ab\u00a0guide en \u00e9ducation et comportement canin\u00a0\u00bb, install\u00e9e dans le Cantal en Auvergne, propose diverses activit\u00e9s canines avec des exercices personnalis\u00e9s \u00e0 partir de m\u00e9thodes de travail positives. V\u00e9ronique et moi-m\u00eame travaillons dans le m\u00eame sens, limiter la contention, le stress de l&rsquo;animal et au contraire favoriser la motivation, le plaisir du travail et la r\u00e9compense alimentaire \u00e0 partir du clicker training. Plus d&rsquo;informations sur le site\u00a0<a href=\"http:\/\/www.autourduchien.fr\/\" target=\"_blank\">autourduchien.fr.<\/a><\/p>\n<p style=\"text-align: justify;\"><span style=\"color: #ffffff;\">.<\/span><\/p>\n<h2><strong><em>a) L\u2019attitude observ\u00e9e chez l\u2019animal :<\/em><\/strong><\/h2>\n<ul>\n<li>Agressivit\u00e9<\/li>\n<li>D\u00e9motivation<\/li>\n<li>Manque de confiance<\/li>\n<li>Traumatisme<\/li>\n<\/ul>\n<p><span style=\"color: #ffffff;\">.<\/span><\/p>\n<h2><strong><em>b) Les comportements ind\u00e9sirables de l&rsquo;animal :<\/em><\/strong><\/h2>\n<ul>\n<li>Animal mordeur<\/li>\n<li>Animal refusant de donner les pieds<\/li>\n<li>Hypersensibilit\u00e9 du muscle peaucier<\/li>\n<li>Animal refusant de monter dans le van, de franchir un passage d\u00e9licat<\/li>\n<li>Peur de l\u2019isolement<\/li>\n<li>Peur de l\u2019inconnu : humain, objets, environnement\u2026<\/li>\n<li>Nervosit\u00e9, mauvaise gestion du stress<\/li>\n<\/ul>\n<p><img decoding=\"async\" loading=\"lazy\" class=\"wp-image-251 size-full aligncenter\" src=\"http:\/\/etho-diversite.fr\/wp-content\/uploads\/2016\/11\/13238955_1708846496037675_2293319249753046171_n-e1479921190817.jpg\" alt=\"ethologie vaches\" width=\"957\" height=\"532\" srcset=\"https:\/\/www.etho-diversite.fr\/wp-content\/uploads\/2016\/11\/13238955_1708846496037675_2293319249753046171_n-e1479921190817.jpg 957w, https:\/\/www.etho-diversite.fr\/wp-content\/uploads\/2016\/11\/13238955_1708846496037675_2293319249753046171_n-e1479921190817-300x167.jpg 300w, https:\/\/www.etho-diversite.fr\/wp-content\/uploads\/2016\/11\/13238955_1708846496037675_2293319249753046171_n-e1479921190817-768x427.jpg 768w\" sizes=\"(max-width: 957px) 100vw, 957px\" \/><\/p>\n<h2><strong><em>c) Le comportement humain :<\/em><\/strong><\/h2>\n<p style=\"text-align: justify;\">L\u2019occurrence des accidents et des incidents li\u00e9s aux animaux d\u00e9pend davantage de la fr\u00e9quence, de la\u00a0 qualit\u00e9 et de la quantit\u00e9 d\u2019interactions avec eux que d\u2019un niveau de comp\u00e9tence. Une meilleure connaissance des r\u00e8gles d\u2019apprentissage est certainement n\u00e9cessaire, non seulement pour entra\u00eener le cheval mais aussi pour contrebalancer les \u00e9v\u00e9nements n\u00e9gatifs in\u00e9vitables qui font partie des proc\u00e9dures de routine et ainsi r\u00e9duire leur impact sur la relation.<\/p>\n<p style=\"text-align: justify;\">Dans ce contexte, arriver \u00e0 \u00e9tablir une bonne relation homme\/animal sous-entend souvent une remise en question de la part de l\u2019homme.<\/p>\n<p style=\"text-align: justify;\">Je peux lui proposer un encadrement et un suivi personnalis\u00e9 pour lui permettre d\u2019atteindre ces objectifs :<\/p>\n<ul>\n<li>Confiance en soi<\/li>\n<li>Concentration<\/li>\n<li>Gestion du stress, des \u00e9motions, de la patience<\/li>\n<li>Placements du corps corrects autour du cheval<\/li>\n<li>Postures justes du corps<\/li>\n<li>Apprentissage des gestes justes\u00a0 (\u00e0 faire, ne pas faire)<\/li>\n<li>Education du regard.<\/li>\n<li>Education et placement de la voix et de l\u2019intonation (codes vocaux)<\/li>\n<li>Observation de l\u2019animal pour mieux le comprendre<\/li>\n<li>Compr\u00e9hension des comportements de l\u2019animal, signaux que renvoie l\u2019animal<\/li>\n<\/ul>\n<blockquote><p><strong><em>La responsabilit\u00e9 de l\u2019Homme est de comprendre le langage du cheval. Il doit ensuite lui apprendre \u00e0 comprendre son propre langage.<\/em><\/strong><\/p><\/blockquote>\n<p><strong><em>\u00a0<\/em><\/strong><\/p>\n","protected":false},"excerpt":{"rendered":"<p>La Relation Homme-Animal<\/p>\n","protected":false},"author":1,"featured_media":30,"parent":0,"menu_order":0,"comment_status":"closed","ping_status":"closed","template":"","meta":{"_exactmetrics_skip_tracking":false,"_exactmetrics_sitenote_active":false,"_exactmetrics_sitenote_note":"","_exactmetrics_sitenote_category":0},"yoast_head":"<!-- This site is optimized with the Yoast SEO plugin v21.8.1 - https:\/\/yoast.com\/wordpress\/plugins\/seo\/ -->\n<title>Ethologie Appliqu\u00e9e - Etho-Diversit\u00e9<\/title>\n<meta name=\"robots\" content=\"index, follow, max-snippet:-1, max-image-preview:large, max-video-preview:-1\" \/>\n<link rel=\"canonical\" href=\"https:\/\/www.etho-diversite.fr\/index.php\/ethologie-appliquee\/\" \/>\n<meta property=\"og:locale\" content=\"fr_FR\" \/>\n<meta property=\"og:type\" content=\"article\" \/>\n<meta property=\"og:title\" content=\"Ethologie Appliqu\u00e9e - Etho-Diversit\u00e9\" \/>\n<meta property=\"og:description\" content=\"La Relation Homme-Animal\" \/>\n<meta property=\"og:url\" content=\"https:\/\/www.etho-diversite.fr\/index.php\/ethologie-appliquee\/\" \/>\n<meta property=\"og:site_name\" content=\"Etho-Diversit\u00e9\" \/>\n<meta property=\"article:modified_time\" content=\"2016-11-24T18:12:12+00:00\" \/>\n<meta property=\"og:image\" content=\"https:\/\/www.etho-diversite.fr\/wp-content\/uploads\/2016\/11\/936564_1657521991170126_2336106085154395862_n.jpg\" \/>\n\t<meta property=\"og:image:width\" content=\"960\" \/>\n\t<meta property=\"og:image:height\" content=\"720\" \/>\n\t<meta property=\"og:image:type\" content=\"image\/jpeg\" \/>\n<meta name=\"twitter:card\" content=\"summary_large_image\" \/>\n<meta name=\"twitter:site\" content=\"@etho_diversite\" \/>\n<meta name=\"twitter:label1\" content=\"Dur\u00e9e de lecture estim\u00e9e\" \/>\n\t<meta name=\"twitter:data1\" content=\"2 minutes\" \/>\n<script type=\"application\/ld+json\" class=\"yoast-schema-graph\">{\"@context\":\"https:\/\/schema.org\",\"@graph\":[{\"@type\":\"WebPage\",\"@id\":\"https:\/\/www.etho-diversite.fr\/index.php\/ethologie-appliquee\/\",\"url\":\"https:\/\/www.etho-diversite.fr\/index.php\/ethologie-appliquee\/\",\"name\":\"Ethologie Appliqu\u00e9e - Etho-Diversit\u00e9\",\"isPartOf\":{\"@id\":\"https:\/\/www.etho-diversite.fr\/#website\"},\"datePublished\":\"2016-11-22T20:47:45+00:00\",\"dateModified\":\"2016-11-24T18:12:12+00:00\",\"breadcrumb\":{\"@id\":\"https:\/\/www.etho-diversite.fr\/index.php\/ethologie-appliquee\/#breadcrumb\"},\"inLanguage\":\"fr-FR\",\"potentialAction\":[{\"@type\":\"ReadAction\",\"target\":[\"https:\/\/www.etho-diversite.fr\/index.php\/ethologie-appliquee\/\"]}]},{\"@type\":\"BreadcrumbList\",\"@id\":\"https:\/\/www.etho-diversite.fr\/index.php\/ethologie-appliquee\/#breadcrumb\",\"itemListElement\":[{\"@type\":\"ListItem\",\"position\":1,\"name\":\"Accueil\",\"item\":\"https:\/\/www.etho-diversite.fr\/\"},{\"@type\":\"ListItem\",\"position\":2,\"name\":\"Ethologie Appliqu\u00e9e\"}]},{\"@type\":\"WebSite\",\"@id\":\"https:\/\/www.etho-diversite.fr\/#website\",\"url\":\"https:\/\/www.etho-diversite.fr\/\",\"name\":\"Etho-Diversit\u00e9\",\"description\":\"Ethologie Appliqu\u00e9e, Education Positive | EQUINS - BOVINS - CAPRINS\",\"publisher\":{\"@id\":\"https:\/\/www.etho-diversite.fr\/#\/schema\/person\/2db05b23d32d661768744ef0b2e3ed03\"},\"potentialAction\":[{\"@type\":\"SearchAction\",\"target\":{\"@type\":\"EntryPoint\",\"urlTemplate\":\"https:\/\/www.etho-diversite.fr\/?s={search_term_string}\"},\"query-input\":\"required name=search_term_string\"}],\"inLanguage\":\"fr-FR\"},{\"@type\":[\"Person\",\"Organization\"],\"@id\":\"https:\/\/www.etho-diversite.fr\/#\/schema\/person\/2db05b23d32d661768744ef0b2e3ed03\",\"name\":\"Pauline GARCIA | Etho-Diversit\u00e9\",\"image\":{\"@type\":\"ImageObject\",\"inLanguage\":\"fr-FR\",\"@id\":\"https:\/\/www.etho-diversite.fr\/#\/schema\/person\/image\/\",\"url\":\"https:\/\/www.etho-diversite.fr\/wp-content\/uploads\/2020\/07\/cropped-logo-Pauline-GARCIA-Etho-Diversit\u00e9-version-2019.jpg\",\"contentUrl\":\"https:\/\/www.etho-diversite.fr\/wp-content\/uploads\/2020\/07\/cropped-logo-Pauline-GARCIA-Etho-Diversit\u00e9-version-2019.jpg\",\"width\":2496,\"height\":2500,\"caption\":\"Pauline GARCIA | Etho-Diversit\u00e9\"},\"logo\":{\"@id\":\"https:\/\/www.etho-diversite.fr\/#\/schema\/person\/image\/\"},\"description\":\"\u00c9ducation positive bas\u00e9e sur l'\u00e9thologie, les besoins fondamentaux et le bien-\u00eatre de l'Animal, et plus particuli\u00e8rement ceux du cheval, de la vache, et de la ch\u00e8vre. Astuces, actualit\u00e9s, formations, stages, initiation, coaching sur etho-diversite.fr Coaching en ligne pour les 3 esp\u00e8ces et webinaire.\",\"sameAs\":[\"https:\/\/www.etho-diversit\u00e9.fr\"]}]}<\/script>\n<!-- \/ Yoast SEO plugin. -->","yoast_head_json":{"title":"Ethologie Appliqu\u00e9e - Etho-Diversit\u00e9","robots":{"index":"index","follow":"follow","max-snippet":"max-snippet:-1","max-image-preview":"max-image-preview:large","max-video-preview":"max-video-preview:-1"},"canonical":"https:\/\/www.etho-diversite.fr\/index.php\/ethologie-appliquee\/","og_locale":"fr_FR","og_type":"article","og_title":"Ethologie Appliqu\u00e9e - Etho-Diversit\u00e9","og_description":"La Relation Homme-Animal","og_url":"https:\/\/www.etho-diversite.fr\/index.php\/ethologie-appliquee\/","og_site_name":"Etho-Diversit\u00e9","article_modified_time":"2016-11-24T18:12:12+00:00","og_image":[{"width":960,"height":720,"url":"https:\/\/www.etho-diversite.fr\/wp-content\/uploads\/2016\/11\/936564_1657521991170126_2336106085154395862_n.jpg","type":"image\/jpeg"}],"twitter_card":"summary_large_image","twitter_site":"@etho_diversite","twitter_misc":{"Dur\u00e9e de lecture estim\u00e9e":"2 minutes"},"schema":{"@context":"https:\/\/schema.org","@graph":[{"@type":"WebPage","@id":"https:\/\/www.etho-diversite.fr\/index.php\/ethologie-appliquee\/","url":"https:\/\/www.etho-diversite.fr\/index.php\/ethologie-appliquee\/","name":"Ethologie Appliqu\u00e9e - Etho-Diversit\u00e9","isPartOf":{"@id":"https:\/\/www.etho-diversite.fr\/#website"},"datePublished":"2016-11-22T20:47:45+00:00","dateModified":"2016-11-24T18:12:12+00:00","breadcrumb":{"@id":"https:\/\/www.etho-diversite.fr\/index.php\/ethologie-appliquee\/#breadcrumb"},"inLanguage":"fr-FR","potentialAction":[{"@type":"ReadAction","target":["https:\/\/www.etho-diversite.fr\/index.php\/ethologie-appliquee\/"]}]},{"@type":"BreadcrumbList","@id":"https:\/\/www.etho-diversite.fr\/index.php\/ethologie-appliquee\/#breadcrumb","itemListElement":[{"@type":"ListItem","position":1,"name":"Accueil","item":"https:\/\/www.etho-diversite.fr\/"},{"@type":"ListItem","position":2,"name":"Ethologie Appliqu\u00e9e"}]},{"@type":"WebSite","@id":"https:\/\/www.etho-diversite.fr\/#website","url":"https:\/\/www.etho-diversite.fr\/","name":"Etho-Diversit\u00e9","description":"Ethologie Appliqu\u00e9e, Education Positive | EQUINS - BOVINS - CAPRINS","publisher":{"@id":"https:\/\/www.etho-diversite.fr\/#\/schema\/person\/2db05b23d32d661768744ef0b2e3ed03"},"potentialAction":[{"@type":"SearchAction","target":{"@type":"EntryPoint","urlTemplate":"https:\/\/www.etho-diversite.fr\/?s={search_term_string}"},"query-input":"required name=search_term_string"}],"inLanguage":"fr-FR"},{"@type":["Person","Organization"],"@id":"https:\/\/www.etho-diversite.fr\/#\/schema\/person\/2db05b23d32d661768744ef0b2e3ed03","name":"Pauline GARCIA | Etho-Diversit\u00e9","image":{"@type":"ImageObject","inLanguage":"fr-FR","@id":"https:\/\/www.etho-diversite.fr\/#\/schema\/person\/image\/","url":"https:\/\/www.etho-diversite.fr\/wp-content\/uploads\/2020\/07\/cropped-logo-Pauline-GARCIA-Etho-Diversit\u00e9-version-2019.jpg","contentUrl":"https:\/\/www.etho-diversite.fr\/wp-content\/uploads\/2020\/07\/cropped-logo-Pauline-GARCIA-Etho-Diversit\u00e9-version-2019.jpg","width":2496,"height":2500,"caption":"Pauline GARCIA | Etho-Diversit\u00e9"},"logo":{"@id":"https:\/\/www.etho-diversite.fr\/#\/schema\/person\/image\/"},"description":"\u00c9ducation positive bas\u00e9e sur l'\u00e9thologie, les besoins fondamentaux et le bien-\u00eatre de l'Animal, et plus particuli\u00e8rement ceux du cheval, de la vache, et de la ch\u00e8vre. Astuces, actualit\u00e9s, formations, stages, initiation, coaching sur etho-diversite.fr Coaching en ligne pour les 3 esp\u00e8ces et webinaire.","sameAs":["https:\/\/www.etho-diversit\u00e9.fr"]}]}},"_links":{"self":[{"href":"https:\/\/www.etho-diversite.fr\/index.php\/wp-json\/wp\/v2\/pages\/15"}],"collection":[{"href":"https:\/\/www.etho-diversite.fr\/index.php\/wp-json\/wp\/v2\/pages"}],"about":[{"href":"https:\/\/www.etho-diversite.fr\/index.php\/wp-json\/wp\/v2\/types\/page"}],"author":[{"embeddable":true,"href":"https:\/\/www.etho-diversite.fr\/index.php\/wp-json\/wp\/v2\/users\/1"}],"replies":[{"embeddable":true,"href":"https:\/\/www.etho-diversite.fr\/index.php\/wp-json\/wp\/v2\/comments?post=15"}],"version-history":[{"count":17,"href":"https:\/\/www.etho-diversite.fr\/index.php\/wp-json\/wp\/v2\/pages\/15\/revisions"}],"predecessor-version":[{"id":50,"href":"https:\/\/www.etho-diversite.fr\/index.php\/wp-json\/wp\/v2\/pages\/15\/revisions\/50"}],"wp:featuredmedia":[{"embeddable":true,"href":"https:\/\/www.etho-diversite.fr\/index.php\/wp-json\/wp\/v2\/media\/30"}],"wp:attachment":[{"href":"https:\/\/www.etho-diversite.fr\/index.php\/wp-json\/wp\/v2\/media?parent=15"}],"curies":[{"name":"wp","href":"https:\/\/api.w.org\/{rel}","templated":true}]}}