{"id":156,"date":"2016-11-23T13:43:11","date_gmt":"2016-11-23T12:43:11","guid":{"rendered":"http:\/\/etho-diversite.fr\/?page_id=156"},"modified":"2016-12-02T10:04:56","modified_gmt":"2016-12-02T09:04:56","slug":"le-stress-chez-lanimal","status":"publish","type":"page","link":"https:\/\/www.etho-diversite.fr\/index.php\/ethologie-appliquee\/le-stress-chez-lanimal\/","title":{"rendered":"Le Stress chez l&rsquo;Animal"},"content":{"rendered":"<h2><img decoding=\"async\" loading=\"lazy\" class=\"alignnone wp-image-233 size-full\" src=\"http:\/\/etho-diversite.fr\/wp-content\/uploads\/2016\/11\/11014825_1460390220926597_1251844728658192791_n-e1479920403433.jpg\" alt=\"ethologie cheval\" width=\"960\" height=\"417\" srcset=\"https:\/\/www.etho-diversite.fr\/wp-content\/uploads\/2016\/11\/11014825_1460390220926597_1251844728658192791_n-e1479920403433.jpg 960w, https:\/\/www.etho-diversite.fr\/wp-content\/uploads\/2016\/11\/11014825_1460390220926597_1251844728658192791_n-e1479920403433-300x130.jpg 300w, https:\/\/www.etho-diversite.fr\/wp-content\/uploads\/2016\/11\/11014825_1460390220926597_1251844728658192791_n-e1479920403433-768x334.jpg 768w\" sizes=\"(max-width: 960px) 100vw, 960px\" \/><\/h2>\n<h2><em><strong>a) La m\u00e9thode :<\/strong><\/em><\/h2>\n<p style=\"text-align: justify;\">L\u2019objectif des diff\u00e9rents exercices est d\u2019apprendre au cheval <strong>\u00e0 g\u00e9rer et contr\u00f4ler son stress face \u00e0 des situations inconnues<\/strong>.<\/p>\n<p style=\"text-align: justify;\">En cas de peur ou de stress, le cheval \u00e0 l\u2019\u00e9tat sauvage prend la fuite. Tous les herbivores r\u00e9agissent ainsi. Ils suivent leur instinct de survie.<\/p>\n<p style=\"text-align: justify;\">Pour travailler en toute s\u00e9curit\u00e9, nous demandons au cheval domestique de r\u00e9agir autrement. L\u2019immobilit\u00e9 de celui-ci sera fortement r\u00e9compens\u00e9e, s\u2019il ne fuit pas face \u00e0 des \u00e9l\u00e9ments perturbateurs sans danger.<\/p>\n<ul>\n<li style=\"text-align: justify;\">Chaque cheval poss\u00e8de un caract\u00e8re propre, les r\u00e9actions peuvent donc diff\u00e9rer face \u00e0 une m\u00eame situation stressante.<\/li>\n<li>Je m\u2019adapte \u00e0 chaque temp\u00e9rament, l\u2019entrainement et le programme de travail propos\u00e9s sont enti\u00e8rement personnalis\u00e9s.<\/li>\n<li>Je n\u2019applique pas les m\u00eames techniques avec un pur-sang arabe comme avec un cheval de trait. La sensibilit\u00e9 de l\u2019animal influence directement mon travail.<\/li>\n<\/ul>\n<p><span style=\"color: #ffffff;\">.<\/span><\/p>\n<h2><em><strong>b) Les outils :<\/strong><\/em><\/h2>\n<p>Les connaissances sur l&rsquo;esp\u00e8ce, l&rsquo;observation, la patience et les r\u00e9compenses alimentaires bien distribu\u00e9es si besoin.<\/p>\n<p>&nbsp;<\/p>\n<h2><em><strong>c) Les tests de temp\u00e9rament : <\/strong><\/em><\/h2>\n<h4><em><strong>Les tests des Haras Nationaux<br \/>\n<\/strong><\/em><\/h4>\n<p class=\"align-justify\">Les \u00e9tudes fran\u00e7aises sur le temp\u00e9rament ont permis de mesurer <b>5 dimensions du temp\u00e9rament mises en avant \u00e0 partir de 5 tests :<br \/>\n<\/b><\/p>\n<ul>\n<li>l&rsquo;\u00e9motivit\u00e9 ou la propension \u00e0 manifester des r\u00e9actions de peur (\u00e0 la nouveaut\u00e9, \u00e0 la soudainet\u00e9),<\/li>\n<li>la gr\u00e9garit\u00e9<\/li>\n<li>l\u2019activit\u00e9 motrice<\/li>\n<li>la r\u00e9activit\u00e9 vis-\u00e0-vis des humains<\/li>\n<li>la sensibilit\u00e9 sensorielle dont tactile<\/li>\n<\/ul>\n<p class=\"align-justify\">Ces tests de temp\u00e9rament permettre de r\u00e9pondre \u00e0 des questions majeures\u00a0:<\/p>\n<ol>\n<li>Quel cheval pour quelle utilisation\u00a0?<\/li>\n<li>Quel niveau de cavalier pour ce cheval ?<\/li>\n<li>En fonction des caract\u00e9ristiques comportementales de ma jument, avec quel \u00e9talon puis-je la croiser pour faire na\u00eetre un poulain pour telle utilisation\u00a0? (si certaines dimensions du temp\u00e9rament sont h\u00e9ritables).<\/li>\n<\/ol>\n<p>Je me d\u00e9place \u00e0 domicile pour r\u00e9aliser ces tests et pour \u00e9valuer le temp\u00e9rament de l&rsquo;animal.<\/p>\n<p>Des \u00e9levages \u00e9quins dans le CANTAL ont fait appel \u00e0 mes services pour \u00e9valuer les temp\u00e9raments des poulains \u00e0 la vente. Les futurs propri\u00e9taires seront ainsi mieux renseign\u00e9s sur leur monture concernant l&rsquo;activit\u00e9 qu&rsquo;ils souhaitent pratiquer par la suite.<\/p>\n<p><img decoding=\"async\" loading=\"lazy\" class=\"alignnone size-large wp-image-476\" src=\"http:\/\/etho-diversite.fr\/wp-content\/uploads\/2016\/11\/Test-Franchir-bache-1024x768.jpg\" alt=\"test-franchir-bache\" width=\"720\" height=\"540\" srcset=\"https:\/\/www.etho-diversite.fr\/wp-content\/uploads\/2016\/11\/Test-Franchir-bache-1024x768.jpg 1024w, https:\/\/www.etho-diversite.fr\/wp-content\/uploads\/2016\/11\/Test-Franchir-bache-300x225.jpg 300w, https:\/\/www.etho-diversite.fr\/wp-content\/uploads\/2016\/11\/Test-Franchir-bache-768x576.jpg 768w\" sizes=\"(max-width: 720px) 100vw, 720px\" \/><\/p>\n<p><em>Test de temp\u00e9rament \u00ab\u00a0La nouveaut\u00e9 &#8211; la b\u00e2che\u00a0\u00bb au \u00ab\u00a0VVR Ranch\u00a0\u00bb\u00a0 avec V. Vaudey, CANTAL \/ AUVERGNE &#8211; Pouliche de 2 ans<\/em><\/p>\n<p>&nbsp;<\/p>\n<p><img decoding=\"async\" loading=\"lazy\" class=\"alignnone size-large wp-image-478\" src=\"http:\/\/etho-diversite.fr\/wp-content\/uploads\/2016\/11\/Test-Soudainet\u00e9-Spirit-e1480668773452-768x1024.jpg\" alt=\"test-soudainete-spirit\" width=\"720\" height=\"960\" srcset=\"https:\/\/www.etho-diversite.fr\/wp-content\/uploads\/2016\/11\/Test-Soudainet\u00e9-Spirit-e1480668773452-768x1024.jpg 768w, https:\/\/www.etho-diversite.fr\/wp-content\/uploads\/2016\/11\/Test-Soudainet\u00e9-Spirit-e1480668773452-225x300.jpg 225w\" sizes=\"(max-width: 720px) 100vw, 720px\" \/><\/p>\n<p><em>Test de temp\u00e9rament \u00ab\u00a0la soudainet\u00e9 &#8211; Le parapluie\u00a0\u00bb lors d&rsquo;une formation \u00e0 domicile CANTAL \/ AUVERGNE &#8211; Hongre de 12 ans<\/em><\/p>\n","protected":false},"excerpt":{"rendered":"<p>a) La m\u00e9thode : L\u2019objectif des diff\u00e9rents exercices est d\u2019apprendre au cheval \u00e0 g\u00e9rer et contr\u00f4ler son stress face \u00e0 des situations inconnues. En cas de peur ou de stress, le cheval \u00e0 l\u2019\u00e9tat sauvage prend la fuite. Tous les<\/p>\n","protected":false},"author":1,"featured_media":124,"parent":15,"menu_order":4,"comment_status":"closed","ping_status":"closed","template":"","meta":{"_exactmetrics_skip_tracking":false,"_exactmetrics_sitenote_active":false,"_exactmetrics_sitenote_note":"","_exactmetrics_sitenote_category":0},"yoast_head":"<!-- This site is optimized with the Yoast SEO plugin v21.8.1 - https:\/\/yoast.com\/wordpress\/plugins\/seo\/ -->\n<title>Le Stress chez l&#039;Animal - Etho-Diversit\u00e9<\/title>\n<meta name=\"robots\" content=\"index, follow, max-snippet:-1, max-image-preview:large, max-video-preview:-1\" \/>\n<link rel=\"canonical\" href=\"https:\/\/www.etho-diversite.fr\/index.php\/ethologie-appliquee\/le-stress-chez-lanimal\/\" \/>\n<meta property=\"og:locale\" content=\"fr_FR\" \/>\n<meta property=\"og:type\" content=\"article\" \/>\n<meta property=\"og:title\" content=\"Le Stress chez l&#039;Animal - Etho-Diversit\u00e9\" \/>\n<meta property=\"og:description\" content=\"a) La m\u00e9thode : L\u2019objectif des diff\u00e9rents exercices est d\u2019apprendre au cheval \u00e0 g\u00e9rer et contr\u00f4ler son stress face \u00e0 des situations inconnues. En cas de peur ou de stress, le cheval \u00e0 l\u2019\u00e9tat sauvage prend la fuite. Tous les\" \/>\n<meta property=\"og:url\" content=\"https:\/\/www.etho-diversite.fr\/index.php\/ethologie-appliquee\/le-stress-chez-lanimal\/\" \/>\n<meta property=\"og:site_name\" content=\"Etho-Diversit\u00e9\" \/>\n<meta property=\"article:modified_time\" content=\"2016-12-02T09:04:56+00:00\" \/>\n<meta property=\"og:image\" content=\"https:\/\/www.etho-diversite.fr\/wp-content\/uploads\/2016\/11\/actualit_C3_A9-visuel-e1479903457111.jpg\" \/>\n\t<meta property=\"og:image:width\" content=\"288\" \/>\n\t<meta property=\"og:image:height\" content=\"448\" \/>\n\t<meta property=\"og:image:type\" content=\"image\/jpeg\" \/>\n<meta name=\"twitter:card\" content=\"summary_large_image\" \/>\n<meta name=\"twitter:site\" content=\"@etho_diversite\" \/>\n<meta name=\"twitter:label1\" content=\"Dur\u00e9e de lecture estim\u00e9e\" \/>\n\t<meta name=\"twitter:data1\" content=\"2 minutes\" \/>\n<script type=\"application\/ld+json\" class=\"yoast-schema-graph\">{\"@context\":\"https:\/\/schema.org\",\"@graph\":[{\"@type\":\"WebPage\",\"@id\":\"https:\/\/www.etho-diversite.fr\/index.php\/ethologie-appliquee\/le-stress-chez-lanimal\/\",\"url\":\"https:\/\/www.etho-diversite.fr\/index.php\/ethologie-appliquee\/le-stress-chez-lanimal\/\",\"name\":\"Le Stress chez l'Animal - Etho-Diversit\u00e9\",\"isPartOf\":{\"@id\":\"https:\/\/www.etho-diversite.fr\/#website\"},\"datePublished\":\"2016-11-23T12:43:11+00:00\",\"dateModified\":\"2016-12-02T09:04:56+00:00\",\"breadcrumb\":{\"@id\":\"https:\/\/www.etho-diversite.fr\/index.php\/ethologie-appliquee\/le-stress-chez-lanimal\/#breadcrumb\"},\"inLanguage\":\"fr-FR\",\"potentialAction\":[{\"@type\":\"ReadAction\",\"target\":[\"https:\/\/www.etho-diversite.fr\/index.php\/ethologie-appliquee\/le-stress-chez-lanimal\/\"]}]},{\"@type\":\"BreadcrumbList\",\"@id\":\"https:\/\/www.etho-diversite.fr\/index.php\/ethologie-appliquee\/le-stress-chez-lanimal\/#breadcrumb\",\"itemListElement\":[{\"@type\":\"ListItem\",\"position\":1,\"name\":\"Accueil\",\"item\":\"https:\/\/www.etho-diversite.fr\/\"},{\"@type\":\"ListItem\",\"position\":2,\"name\":\"Ethologie Appliqu\u00e9e\",\"item\":\"https:\/\/www.etho-diversite.fr\/index.php\/ethologie-appliquee\/\"},{\"@type\":\"ListItem\",\"position\":3,\"name\":\"Le Stress chez l&rsquo;Animal\"}]},{\"@type\":\"WebSite\",\"@id\":\"https:\/\/www.etho-diversite.fr\/#website\",\"url\":\"https:\/\/www.etho-diversite.fr\/\",\"name\":\"Etho-Diversit\u00e9\",\"description\":\"Ethologie Appliqu\u00e9e, Education Positive | EQUINS - BOVINS - CAPRINS\",\"publisher\":{\"@id\":\"https:\/\/www.etho-diversite.fr\/#\/schema\/person\/2db05b23d32d661768744ef0b2e3ed03\"},\"potentialAction\":[{\"@type\":\"SearchAction\",\"target\":{\"@type\":\"EntryPoint\",\"urlTemplate\":\"https:\/\/www.etho-diversite.fr\/?s={search_term_string}\"},\"query-input\":\"required name=search_term_string\"}],\"inLanguage\":\"fr-FR\"},{\"@type\":[\"Person\",\"Organization\"],\"@id\":\"https:\/\/www.etho-diversite.fr\/#\/schema\/person\/2db05b23d32d661768744ef0b2e3ed03\",\"name\":\"Pauline GARCIA | Etho-Diversit\u00e9\",\"image\":{\"@type\":\"ImageObject\",\"inLanguage\":\"fr-FR\",\"@id\":\"https:\/\/www.etho-diversite.fr\/#\/schema\/person\/image\/\",\"url\":\"https:\/\/www.etho-diversite.fr\/wp-content\/uploads\/2020\/07\/cropped-logo-Pauline-GARCIA-Etho-Diversit\u00e9-version-2019.jpg\",\"contentUrl\":\"https:\/\/www.etho-diversite.fr\/wp-content\/uploads\/2020\/07\/cropped-logo-Pauline-GARCIA-Etho-Diversit\u00e9-version-2019.jpg\",\"width\":2496,\"height\":2500,\"caption\":\"Pauline GARCIA | Etho-Diversit\u00e9\"},\"logo\":{\"@id\":\"https:\/\/www.etho-diversite.fr\/#\/schema\/person\/image\/\"},\"description\":\"\u00c9ducation positive bas\u00e9e sur l'\u00e9thologie, les besoins fondamentaux et le bien-\u00eatre de l'Animal, et plus particuli\u00e8rement ceux du cheval, de la vache, et de la ch\u00e8vre. Astuces, actualit\u00e9s, formations, stages, initiation, coaching sur etho-diversite.fr Coaching en ligne pour les 3 esp\u00e8ces et webinaire.\",\"sameAs\":[\"https:\/\/www.etho-diversit\u00e9.fr\"]}]}<\/script>\n<!-- \/ Yoast SEO plugin. -->","yoast_head_json":{"title":"Le Stress chez l'Animal - Etho-Diversit\u00e9","robots":{"index":"index","follow":"follow","max-snippet":"max-snippet:-1","max-image-preview":"max-image-preview:large","max-video-preview":"max-video-preview:-1"},"canonical":"https:\/\/www.etho-diversite.fr\/index.php\/ethologie-appliquee\/le-stress-chez-lanimal\/","og_locale":"fr_FR","og_type":"article","og_title":"Le Stress chez l'Animal - Etho-Diversit\u00e9","og_description":"a) La m\u00e9thode : L\u2019objectif des diff\u00e9rents exercices est d\u2019apprendre au cheval \u00e0 g\u00e9rer et contr\u00f4ler son stress face \u00e0 des situations inconnues. En cas de peur ou de stress, le cheval \u00e0 l\u2019\u00e9tat sauvage prend la fuite. Tous les","og_url":"https:\/\/www.etho-diversite.fr\/index.php\/ethologie-appliquee\/le-stress-chez-lanimal\/","og_site_name":"Etho-Diversit\u00e9","article_modified_time":"2016-12-02T09:04:56+00:00","og_image":[{"width":288,"height":448,"url":"https:\/\/www.etho-diversite.fr\/wp-content\/uploads\/2016\/11\/actualit_C3_A9-visuel-e1479903457111.jpg","type":"image\/jpeg"}],"twitter_card":"summary_large_image","twitter_site":"@etho_diversite","twitter_misc":{"Dur\u00e9e de lecture estim\u00e9e":"2 minutes"},"schema":{"@context":"https:\/\/schema.org","@graph":[{"@type":"WebPage","@id":"https:\/\/www.etho-diversite.fr\/index.php\/ethologie-appliquee\/le-stress-chez-lanimal\/","url":"https:\/\/www.etho-diversite.fr\/index.php\/ethologie-appliquee\/le-stress-chez-lanimal\/","name":"Le Stress chez l'Animal - Etho-Diversit\u00e9","isPartOf":{"@id":"https:\/\/www.etho-diversite.fr\/#website"},"datePublished":"2016-11-23T12:43:11+00:00","dateModified":"2016-12-02T09:04:56+00:00","breadcrumb":{"@id":"https:\/\/www.etho-diversite.fr\/index.php\/ethologie-appliquee\/le-stress-chez-lanimal\/#breadcrumb"},"inLanguage":"fr-FR","potentialAction":[{"@type":"ReadAction","target":["https:\/\/www.etho-diversite.fr\/index.php\/ethologie-appliquee\/le-stress-chez-lanimal\/"]}]},{"@type":"BreadcrumbList","@id":"https:\/\/www.etho-diversite.fr\/index.php\/ethologie-appliquee\/le-stress-chez-lanimal\/#breadcrumb","itemListElement":[{"@type":"ListItem","position":1,"name":"Accueil","item":"https:\/\/www.etho-diversite.fr\/"},{"@type":"ListItem","position":2,"name":"Ethologie Appliqu\u00e9e","item":"https:\/\/www.etho-diversite.fr\/index.php\/ethologie-appliquee\/"},{"@type":"ListItem","position":3,"name":"Le Stress chez l&rsquo;Animal"}]},{"@type":"WebSite","@id":"https:\/\/www.etho-diversite.fr\/#website","url":"https:\/\/www.etho-diversite.fr\/","name":"Etho-Diversit\u00e9","description":"Ethologie Appliqu\u00e9e, Education Positive | EQUINS - BOVINS - CAPRINS","publisher":{"@id":"https:\/\/www.etho-diversite.fr\/#\/schema\/person\/2db05b23d32d661768744ef0b2e3ed03"},"potentialAction":[{"@type":"SearchAction","target":{"@type":"EntryPoint","urlTemplate":"https:\/\/www.etho-diversite.fr\/?s={search_term_string}"},"query-input":"required name=search_term_string"}],"inLanguage":"fr-FR"},{"@type":["Person","Organization"],"@id":"https:\/\/www.etho-diversite.fr\/#\/schema\/person\/2db05b23d32d661768744ef0b2e3ed03","name":"Pauline GARCIA | Etho-Diversit\u00e9","image":{"@type":"ImageObject","inLanguage":"fr-FR","@id":"https:\/\/www.etho-diversite.fr\/#\/schema\/person\/image\/","url":"https:\/\/www.etho-diversite.fr\/wp-content\/uploads\/2020\/07\/cropped-logo-Pauline-GARCIA-Etho-Diversit\u00e9-version-2019.jpg","contentUrl":"https:\/\/www.etho-diversite.fr\/wp-content\/uploads\/2020\/07\/cropped-logo-Pauline-GARCIA-Etho-Diversit\u00e9-version-2019.jpg","width":2496,"height":2500,"caption":"Pauline GARCIA | Etho-Diversit\u00e9"},"logo":{"@id":"https:\/\/www.etho-diversite.fr\/#\/schema\/person\/image\/"},"description":"\u00c9ducation positive bas\u00e9e sur l'\u00e9thologie, les besoins fondamentaux et le bien-\u00eatre de l'Animal, et plus particuli\u00e8rement ceux du cheval, de la vache, et de la ch\u00e8vre. Astuces, actualit\u00e9s, formations, stages, initiation, coaching sur etho-diversite.fr Coaching en ligne pour les 3 esp\u00e8ces et webinaire.","sameAs":["https:\/\/www.etho-diversit\u00e9.fr"]}]}},"_links":{"self":[{"href":"https:\/\/www.etho-diversite.fr\/index.php\/wp-json\/wp\/v2\/pages\/156"}],"collection":[{"href":"https:\/\/www.etho-diversite.fr\/index.php\/wp-json\/wp\/v2\/pages"}],"about":[{"href":"https:\/\/www.etho-diversite.fr\/index.php\/wp-json\/wp\/v2\/types\/page"}],"author":[{"embeddable":true,"href":"https:\/\/www.etho-diversite.fr\/index.php\/wp-json\/wp\/v2\/users\/1"}],"replies":[{"embeddable":true,"href":"https:\/\/www.etho-diversite.fr\/index.php\/wp-json\/wp\/v2\/comments?post=156"}],"version-history":[{"count":11,"href":"https:\/\/www.etho-diversite.fr\/index.php\/wp-json\/wp\/v2\/pages\/156\/revisions"}],"predecessor-version":[{"id":482,"href":"https:\/\/www.etho-diversite.fr\/index.php\/wp-json\/wp\/v2\/pages\/156\/revisions\/482"}],"up":[{"embeddable":true,"href":"https:\/\/www.etho-diversite.fr\/index.php\/wp-json\/wp\/v2\/pages\/15"}],"wp:featuredmedia":[{"embeddable":true,"href":"https:\/\/www.etho-diversite.fr\/index.php\/wp-json\/wp\/v2\/media\/124"}],"wp:attachment":[{"href":"https:\/\/www.etho-diversite.fr\/index.php\/wp-json\/wp\/v2\/media?parent=156"}],"curies":[{"name":"wp","href":"https:\/\/api.w.org\/{rel}","templated":true}]}}