{"id":163,"date":"2016-11-23T13:49:43","date_gmt":"2016-11-23T12:49:43","guid":{"rendered":"http:\/\/etho-diversite.fr\/?page_id=163"},"modified":"2018-01-26T18:10:16","modified_gmt":"2018-01-26T17:10:16","slug":"descriptif","status":"publish","type":"page","link":"https:\/\/www.etho-diversite.fr\/index.php\/ateliers\/descriptif\/","title":{"rendered":"Descriptif"},"content":{"rendered":"<h2><img decoding=\"async\" loading=\"lazy\" class=\"aligncenter wp-image-214\" src=\"http:\/\/etho-diversite.fr\/wp-content\/uploads\/2016\/11\/ethologie-cheval-formation-0002-1.jpg\" alt=\"ethologie-cheval-formation-0002\" width=\"960\" height=\"401\" srcset=\"https:\/\/www.etho-diversite.fr\/wp-content\/uploads\/2016\/11\/ethologie-cheval-formation-0002-1.jpg 1100w, https:\/\/www.etho-diversite.fr\/wp-content\/uploads\/2016\/11\/ethologie-cheval-formation-0002-1-300x125.jpg 300w, https:\/\/www.etho-diversite.fr\/wp-content\/uploads\/2016\/11\/ethologie-cheval-formation-0002-1-768x321.jpg 768w, https:\/\/www.etho-diversite.fr\/wp-content\/uploads\/2016\/11\/ethologie-cheval-formation-0002-1-1024x428.jpg 1024w, https:\/\/www.etho-diversite.fr\/wp-content\/uploads\/2016\/11\/ethologie-cheval-formation-0002-1-720x300.jpg 720w\" sizes=\"(max-width: 960px) 100vw, 960px\" \/><strong><em>\u00a0a) Les th\u00e8mes des ateliers :<\/em><\/strong><\/h2>\n<ul>\n<li>BIEN ETRE :\u00a0Diagnostic environnemental pour le bien-\u00eatre comportemental de l&rsquo;animal<\/li>\n<li>ETHOLOGIE : Observation animale \u00ab \u00e9duquer son regard \u00bb<\/li>\n<li>Perceptions sensorielles de l\u2019animal : Les 5 sens<\/li>\n<li>EDUCATION : m\u00e9thode de travail \u00e0 partir du renforcement positif (R+)<\/li>\n<li>D\u00e9couverte &amp; Initiation au Clicker-training<\/li>\n<li>R\u00e9-\u00e9ducation animale : Traumatisme, accident (mar\u00e9chal, v\u00e9t\u00e9rinaire, embarquement v\u00e9hicule, phobies&#8230;)<\/li>\n<li><span style=\"color: #993366;\">NOUVEAU : \u00ab\u00a0M\u00e9dical Training\u00a0\u00bb &#8211; Soigner avec des animaux coop\u00e9rants et moins stress\u00e9s<\/span><\/li>\n<li><span style=\"color: #993366;\">NOUVEAU : \u00ab\u00a0La communication non verbale\u00a0\u00bb &#8211; Apprendre a d\u00e9coder nos gestes volontaires \/ involontaires qui accompagnent nos \u00e9motions et qui peuvent parasiter la relation Homme\/Animal<\/span><\/li>\n<li><span style=\"color: #993366;\">NOUVEAU : RELATION \u00a0\u00bbComment cr\u00e9er une relation avec son animal ? Evoluer en conscience de nos gestes pour am\u00e9liorer la relation Homme-Animal\u00a0\u00bb<\/span><\/li>\n<\/ul>\n<p><img decoding=\"async\" loading=\"lazy\" class=\"size-full wp-image-894 aligncenter\" src=\"http:\/\/etho-diversite.fr\/wp-content\/uploads\/2017\/12\/Formation-Eleveurs-la-Pratique-auvergne.jpg\" alt=\"\" width=\"960\" height=\"421\" srcset=\"https:\/\/www.etho-diversite.fr\/wp-content\/uploads\/2017\/12\/Formation-Eleveurs-la-Pratique-auvergne.jpg 960w, https:\/\/www.etho-diversite.fr\/wp-content\/uploads\/2017\/12\/Formation-Eleveurs-la-Pratique-auvergne-300x132.jpg 300w, https:\/\/www.etho-diversite.fr\/wp-content\/uploads\/2017\/12\/Formation-Eleveurs-la-Pratique-auvergne-768x337.jpg 768w\" sizes=\"(max-width: 960px) 100vw, 960px\" \/><\/p>\n<p style=\"text-align: center;\"><span style=\"color: #999999;\"><em>\u00a0Formation Ethologie Appliqu\u00e9e en Corr\u00e8ze &#8211;\u00a0 Exercices pratique d&rsquo;observation troupeau Limousines<\/em><\/span><\/p>\n<h2><em><strong>b) Les objectifs des ateliers :\u00a0<\/strong><\/em><\/h2>\n<ul>\n<li>Apporter les connaissances scientifiques abordables sur le comportement de l\u2019animal<\/li>\n<li>D\u00e9velopper les comp\u00e9tences dans le domaine de l\u2019observation et de l\u2019analyse du comportement<\/li>\n<li>Apprendre \u00e0 utiliser ces comp\u00e9tences et connaissances pour la pratique quotidienne : relation Homme\/Cheval, apprentissage, travail en s\u00e9curit\u00e9<\/li>\n<li>Familiarisation avec les outils : clicker training, technique du renforcement positif.<\/li>\n<\/ul>\n<h2><img decoding=\"async\" loading=\"lazy\" class=\"size-full wp-image-938 aligncenter\" src=\"http:\/\/etho-diversite.fr\/wp-content\/uploads\/2017\/12\/IMG_0178.jpg\" alt=\"\" width=\"960\" height=\"627\" srcset=\"https:\/\/www.etho-diversite.fr\/wp-content\/uploads\/2017\/12\/IMG_0178.jpg 960w, https:\/\/www.etho-diversite.fr\/wp-content\/uploads\/2017\/12\/IMG_0178-300x196.jpg 300w, https:\/\/www.etho-diversite.fr\/wp-content\/uploads\/2017\/12\/IMG_0178-768x502.jpg 768w\" sizes=\"(max-width: 960px) 100vw, 960px\" \/><\/h2>\n<h2><em><strong>c) Le public inscrit aux ateliers :<\/strong><\/em><\/h2>\n<p>Formule individuelle ou en groupe.<\/p>\n<p><strong><u>Cours particuliers, d\u00e9butants :<\/u><\/strong><\/p>\n<ul>\n<li style=\"text-align: justify;\">S\u2019adressent aux non-professionnels, particuliers, propri\u00e9taires de chevaux, de vaches, de ch\u00e8vres&#8230;.<\/li>\n<li style=\"text-align: justify;\">Travail au sol type \u00ab<em> equifeel \u00bb,\u00ab equility<\/em> \u00bb (discipline \u00e9questre au sol inspir\u00e9e de \u00ab<em>l\u2019agility<\/em> \u00bb pour chien).<\/li>\n<li style=\"text-align: justify;\">Travail sur des comportements ind\u00e9sirables (ne donne pas les pieds, s\u2019agite au montoir, peur de l\u2019embarquement\u2026)<\/li>\n<\/ul>\n<h2><img decoding=\"async\" loading=\"lazy\" class=\"aligncenter wp-image-208\" src=\"http:\/\/etho-diversite.fr\/wp-content\/uploads\/2016\/11\/file2-2-e1479912602763.jpeg\" alt=\"cours ethologie stage formation\" width=\"960\" height=\"325\" srcset=\"https:\/\/www.etho-diversite.fr\/wp-content\/uploads\/2016\/11\/file2-2-e1479912602763.jpeg 957w, https:\/\/www.etho-diversite.fr\/wp-content\/uploads\/2016\/11\/file2-2-e1479912602763-300x102.jpeg 300w, https:\/\/www.etho-diversite.fr\/wp-content\/uploads\/2016\/11\/file2-2-e1479912602763-768x260.jpeg 768w\" sizes=\"(max-width: 960px) 100vw, 960px\" \/><\/h2>\n<p><strong><u>Cours professionnels ou confirm\u00e9s :<\/u><\/strong><\/p>\n<ul>\n<li style=\"text-align: justify;\">S\u2019adressent aux professionnels des m\u00e9tiers du cheval\u00a0: les\u00a0 instructeurs, accompagnateurs de tourisme \u00e9questre, \u00e9leveurs, soigneurs (m\u00e9dical training), v\u00e9t\u00e9rinaires, assistants v\u00e9t\u00e9rinaires, moniteurs, palefreniers, ost\u00e9opathes \u00e9quins, dentistes \u00e9quins qui manipulent les animaux dans des circonstances tr\u00e8s particuli\u00e8res (\u00e9quitation, soins, conduite d&rsquo;un troupeau&#8230;),\u00a0cavaliers pro, \u00e9leveurs, lyc\u00e9es agricoles fili\u00e8re \u00e9quine, MFR\u2026)<\/li>\n<li style=\"text-align: justify;\">Initiation et apprentissage au renforcement positif, \u00ab clicker training \u00bb<\/li>\n<\/ul>\n","protected":false},"excerpt":{"rendered":"<p>\u00a0a) Les th\u00e8mes des ateliers : BIEN ETRE :\u00a0Diagnostic environnemental pour le bien-\u00eatre comportemental de l&rsquo;animal ETHOLOGIE : Observation animale \u00ab \u00e9duquer son regard \u00bb Perceptions sensorielles de l\u2019animal : Les 5 sens EDUCATION : m\u00e9thode de travail \u00e0 partir<\/p>\n","protected":false},"author":1,"featured_media":894,"parent":17,"menu_order":1,"comment_status":"closed","ping_status":"closed","template":"","meta":{"_exactmetrics_skip_tracking":false,"_exactmetrics_sitenote_active":false,"_exactmetrics_sitenote_note":"","_exactmetrics_sitenote_category":0},"yoast_head":"<!-- This site is optimized with the Yoast SEO plugin v21.8.1 - https:\/\/yoast.com\/wordpress\/plugins\/seo\/ -->\n<title>Descriptif - Etho-Diversit\u00e9<\/title>\n<meta name=\"robots\" content=\"index, follow, max-snippet:-1, max-image-preview:large, max-video-preview:-1\" \/>\n<link rel=\"canonical\" href=\"https:\/\/www.etho-diversite.fr\/index.php\/ateliers\/descriptif\/\" \/>\n<meta property=\"og:locale\" content=\"fr_FR\" \/>\n<meta property=\"og:type\" content=\"article\" \/>\n<meta property=\"og:title\" content=\"Descriptif - Etho-Diversit\u00e9\" \/>\n<meta property=\"og:description\" content=\"\u00a0a) Les th\u00e8mes des ateliers : BIEN ETRE :\u00a0Diagnostic environnemental pour le bien-\u00eatre comportemental de l&rsquo;animal ETHOLOGIE : Observation animale \u00ab \u00e9duquer son regard \u00bb Perceptions sensorielles de l\u2019animal : Les 5 sens EDUCATION : m\u00e9thode de travail \u00e0 partir\" \/>\n<meta property=\"og:url\" content=\"https:\/\/www.etho-diversite.fr\/index.php\/ateliers\/descriptif\/\" \/>\n<meta property=\"og:site_name\" content=\"Etho-Diversit\u00e9\" \/>\n<meta property=\"article:modified_time\" content=\"2018-01-26T17:10:16+00:00\" \/>\n<meta property=\"og:image\" content=\"https:\/\/www.etho-diversite.fr\/wp-content\/uploads\/2017\/12\/Formation-Eleveurs-la-Pratique-auvergne.jpg\" \/>\n\t<meta property=\"og:image:width\" content=\"960\" \/>\n\t<meta property=\"og:image:height\" content=\"421\" \/>\n\t<meta property=\"og:image:type\" content=\"image\/jpeg\" \/>\n<meta name=\"twitter:card\" content=\"summary_large_image\" \/>\n<meta name=\"twitter:site\" content=\"@etho_diversite\" \/>\n<meta name=\"twitter:label1\" content=\"Dur\u00e9e de lecture estim\u00e9e\" \/>\n\t<meta name=\"twitter:data1\" content=\"2 minutes\" \/>\n<script type=\"application\/ld+json\" class=\"yoast-schema-graph\">{\"@context\":\"https:\/\/schema.org\",\"@graph\":[{\"@type\":\"WebPage\",\"@id\":\"https:\/\/www.etho-diversite.fr\/index.php\/ateliers\/descriptif\/\",\"url\":\"https:\/\/www.etho-diversite.fr\/index.php\/ateliers\/descriptif\/\",\"name\":\"Descriptif - Etho-Diversit\u00e9\",\"isPartOf\":{\"@id\":\"https:\/\/www.etho-diversite.fr\/#website\"},\"datePublished\":\"2016-11-23T12:49:43+00:00\",\"dateModified\":\"2018-01-26T17:10:16+00:00\",\"breadcrumb\":{\"@id\":\"https:\/\/www.etho-diversite.fr\/index.php\/ateliers\/descriptif\/#breadcrumb\"},\"inLanguage\":\"fr-FR\",\"potentialAction\":[{\"@type\":\"ReadAction\",\"target\":[\"https:\/\/www.etho-diversite.fr\/index.php\/ateliers\/descriptif\/\"]}]},{\"@type\":\"BreadcrumbList\",\"@id\":\"https:\/\/www.etho-diversite.fr\/index.php\/ateliers\/descriptif\/#breadcrumb\",\"itemListElement\":[{\"@type\":\"ListItem\",\"position\":1,\"name\":\"Accueil\",\"item\":\"https:\/\/www.etho-diversite.fr\/\"},{\"@type\":\"ListItem\",\"position\":2,\"name\":\"Ateliers &#038; Formations Plein Air\",\"item\":\"https:\/\/www.etho-diversite.fr\/index.php\/ateliers\/\"},{\"@type\":\"ListItem\",\"position\":3,\"name\":\"Descriptif\"}]},{\"@type\":\"WebSite\",\"@id\":\"https:\/\/www.etho-diversite.fr\/#website\",\"url\":\"https:\/\/www.etho-diversite.fr\/\",\"name\":\"Etho-Diversit\u00e9\",\"description\":\"Ethologie Appliqu\u00e9e, Education Positive | EQUINS - BOVINS - CAPRINS\",\"publisher\":{\"@id\":\"https:\/\/www.etho-diversite.fr\/#\/schema\/person\/2db05b23d32d661768744ef0b2e3ed03\"},\"potentialAction\":[{\"@type\":\"SearchAction\",\"target\":{\"@type\":\"EntryPoint\",\"urlTemplate\":\"https:\/\/www.etho-diversite.fr\/?s={search_term_string}\"},\"query-input\":\"required name=search_term_string\"}],\"inLanguage\":\"fr-FR\"},{\"@type\":[\"Person\",\"Organization\"],\"@id\":\"https:\/\/www.etho-diversite.fr\/#\/schema\/person\/2db05b23d32d661768744ef0b2e3ed03\",\"name\":\"Pauline GARCIA | Etho-Diversit\u00e9\",\"image\":{\"@type\":\"ImageObject\",\"inLanguage\":\"fr-FR\",\"@id\":\"https:\/\/www.etho-diversite.fr\/#\/schema\/person\/image\/\",\"url\":\"https:\/\/www.etho-diversite.fr\/wp-content\/uploads\/2020\/07\/cropped-logo-Pauline-GARCIA-Etho-Diversit\u00e9-version-2019.jpg\",\"contentUrl\":\"https:\/\/www.etho-diversite.fr\/wp-content\/uploads\/2020\/07\/cropped-logo-Pauline-GARCIA-Etho-Diversit\u00e9-version-2019.jpg\",\"width\":2496,\"height\":2500,\"caption\":\"Pauline GARCIA | Etho-Diversit\u00e9\"},\"logo\":{\"@id\":\"https:\/\/www.etho-diversite.fr\/#\/schema\/person\/image\/\"},\"description\":\"\u00c9ducation positive bas\u00e9e sur l'\u00e9thologie, les besoins fondamentaux et le bien-\u00eatre de l'Animal, et plus particuli\u00e8rement ceux du cheval, de la vache, et de la ch\u00e8vre. Astuces, actualit\u00e9s, formations, stages, initiation, coaching sur etho-diversite.fr Coaching en ligne pour les 3 esp\u00e8ces et webinaire.\",\"sameAs\":[\"https:\/\/www.etho-diversit\u00e9.fr\"]}]}<\/script>\n<!-- \/ Yoast SEO plugin. -->","yoast_head_json":{"title":"Descriptif - Etho-Diversit\u00e9","robots":{"index":"index","follow":"follow","max-snippet":"max-snippet:-1","max-image-preview":"max-image-preview:large","max-video-preview":"max-video-preview:-1"},"canonical":"https:\/\/www.etho-diversite.fr\/index.php\/ateliers\/descriptif\/","og_locale":"fr_FR","og_type":"article","og_title":"Descriptif - Etho-Diversit\u00e9","og_description":"\u00a0a) Les th\u00e8mes des ateliers : BIEN ETRE :\u00a0Diagnostic environnemental pour le bien-\u00eatre comportemental de l&rsquo;animal ETHOLOGIE : Observation animale \u00ab \u00e9duquer son regard \u00bb Perceptions sensorielles de l\u2019animal : Les 5 sens EDUCATION : m\u00e9thode de travail \u00e0 partir","og_url":"https:\/\/www.etho-diversite.fr\/index.php\/ateliers\/descriptif\/","og_site_name":"Etho-Diversit\u00e9","article_modified_time":"2018-01-26T17:10:16+00:00","og_image":[{"width":960,"height":421,"url":"https:\/\/www.etho-diversite.fr\/wp-content\/uploads\/2017\/12\/Formation-Eleveurs-la-Pratique-auvergne.jpg","type":"image\/jpeg"}],"twitter_card":"summary_large_image","twitter_site":"@etho_diversite","twitter_misc":{"Dur\u00e9e de lecture estim\u00e9e":"2 minutes"},"schema":{"@context":"https:\/\/schema.org","@graph":[{"@type":"WebPage","@id":"https:\/\/www.etho-diversite.fr\/index.php\/ateliers\/descriptif\/","url":"https:\/\/www.etho-diversite.fr\/index.php\/ateliers\/descriptif\/","name":"Descriptif - Etho-Diversit\u00e9","isPartOf":{"@id":"https:\/\/www.etho-diversite.fr\/#website"},"datePublished":"2016-11-23T12:49:43+00:00","dateModified":"2018-01-26T17:10:16+00:00","breadcrumb":{"@id":"https:\/\/www.etho-diversite.fr\/index.php\/ateliers\/descriptif\/#breadcrumb"},"inLanguage":"fr-FR","potentialAction":[{"@type":"ReadAction","target":["https:\/\/www.etho-diversite.fr\/index.php\/ateliers\/descriptif\/"]}]},{"@type":"BreadcrumbList","@id":"https:\/\/www.etho-diversite.fr\/index.php\/ateliers\/descriptif\/#breadcrumb","itemListElement":[{"@type":"ListItem","position":1,"name":"Accueil","item":"https:\/\/www.etho-diversite.fr\/"},{"@type":"ListItem","position":2,"name":"Ateliers &#038; Formations Plein Air","item":"https:\/\/www.etho-diversite.fr\/index.php\/ateliers\/"},{"@type":"ListItem","position":3,"name":"Descriptif"}]},{"@type":"WebSite","@id":"https:\/\/www.etho-diversite.fr\/#website","url":"https:\/\/www.etho-diversite.fr\/","name":"Etho-Diversit\u00e9","description":"Ethologie Appliqu\u00e9e, Education Positive | EQUINS - BOVINS - CAPRINS","publisher":{"@id":"https:\/\/www.etho-diversite.fr\/#\/schema\/person\/2db05b23d32d661768744ef0b2e3ed03"},"potentialAction":[{"@type":"SearchAction","target":{"@type":"EntryPoint","urlTemplate":"https:\/\/www.etho-diversite.fr\/?s={search_term_string}"},"query-input":"required name=search_term_string"}],"inLanguage":"fr-FR"},{"@type":["Person","Organization"],"@id":"https:\/\/www.etho-diversite.fr\/#\/schema\/person\/2db05b23d32d661768744ef0b2e3ed03","name":"Pauline GARCIA | Etho-Diversit\u00e9","image":{"@type":"ImageObject","inLanguage":"fr-FR","@id":"https:\/\/www.etho-diversite.fr\/#\/schema\/person\/image\/","url":"https:\/\/www.etho-diversite.fr\/wp-content\/uploads\/2020\/07\/cropped-logo-Pauline-GARCIA-Etho-Diversit\u00e9-version-2019.jpg","contentUrl":"https:\/\/www.etho-diversite.fr\/wp-content\/uploads\/2020\/07\/cropped-logo-Pauline-GARCIA-Etho-Diversit\u00e9-version-2019.jpg","width":2496,"height":2500,"caption":"Pauline GARCIA | Etho-Diversit\u00e9"},"logo":{"@id":"https:\/\/www.etho-diversite.fr\/#\/schema\/person\/image\/"},"description":"\u00c9ducation positive bas\u00e9e sur l'\u00e9thologie, les besoins fondamentaux et le bien-\u00eatre de l'Animal, et plus particuli\u00e8rement ceux du cheval, de la vache, et de la ch\u00e8vre. Astuces, actualit\u00e9s, formations, stages, initiation, coaching sur etho-diversite.fr Coaching en ligne pour les 3 esp\u00e8ces et webinaire.","sameAs":["https:\/\/www.etho-diversit\u00e9.fr"]}]}},"_links":{"self":[{"href":"https:\/\/www.etho-diversite.fr\/index.php\/wp-json\/wp\/v2\/pages\/163"}],"collection":[{"href":"https:\/\/www.etho-diversite.fr\/index.php\/wp-json\/wp\/v2\/pages"}],"about":[{"href":"https:\/\/www.etho-diversite.fr\/index.php\/wp-json\/wp\/v2\/types\/page"}],"author":[{"embeddable":true,"href":"https:\/\/www.etho-diversite.fr\/index.php\/wp-json\/wp\/v2\/users\/1"}],"replies":[{"embeddable":true,"href":"https:\/\/www.etho-diversite.fr\/index.php\/wp-json\/wp\/v2\/comments?post=163"}],"version-history":[{"count":23,"href":"https:\/\/www.etho-diversite.fr\/index.php\/wp-json\/wp\/v2\/pages\/163\/revisions"}],"predecessor-version":[{"id":992,"href":"https:\/\/www.etho-diversite.fr\/index.php\/wp-json\/wp\/v2\/pages\/163\/revisions\/992"}],"up":[{"embeddable":true,"href":"https:\/\/www.etho-diversite.fr\/index.php\/wp-json\/wp\/v2\/pages\/17"}],"wp:featuredmedia":[{"embeddable":true,"href":"https:\/\/www.etho-diversite.fr\/index.php\/wp-json\/wp\/v2\/media\/894"}],"wp:attachment":[{"href":"https:\/\/www.etho-diversite.fr\/index.php\/wp-json\/wp\/v2\/media?parent=163"}],"curies":[{"name":"wp","href":"https:\/\/api.w.org\/{rel}","templated":true}]}}