{"id":169,"date":"2016-11-23T13:53:12","date_gmt":"2016-11-23T12:53:12","guid":{"rendered":"http:\/\/etho-diversite.fr\/?page_id=169"},"modified":"2016-12-02T10:18:17","modified_gmt":"2016-12-02T09:18:17","slug":"diagnostic-environnement","status":"publish","type":"page","link":"https:\/\/www.etho-diversite.fr\/index.php\/ateliers\/diagnostic-environnement\/","title":{"rendered":"Diagnostic Environnement"},"content":{"rendered":"<p style=\"text-align: justify;\"><img decoding=\"async\" loading=\"lazy\" class=\"size-full wp-image-238 aligncenter\" src=\"http:\/\/etho-diversite.fr\/wp-content\/uploads\/2016\/11\/12072734_1506215713026468_1187836897946293123_n-e1479920678110.jpg\" alt=\"ethologie cheval jument\" width=\"960\" height=\"283\" srcset=\"https:\/\/www.etho-diversite.fr\/wp-content\/uploads\/2016\/11\/12072734_1506215713026468_1187836897946293123_n-e1479920678110.jpg 960w, https:\/\/www.etho-diversite.fr\/wp-content\/uploads\/2016\/11\/12072734_1506215713026468_1187836897946293123_n-e1479920678110-300x88.jpg 300w, https:\/\/www.etho-diversite.fr\/wp-content\/uploads\/2016\/11\/12072734_1506215713026468_1187836897946293123_n-e1479920678110-768x226.jpg 768w\" sizes=\"(max-width: 960px) 100vw, 960px\" \/><\/p>\n<p style=\"text-align: justify;\">Je propose aux propri\u00e9taires un\u00a0<strong><u>diagnostic complet<\/u><\/strong>\u00a0de l\u2019Environnement de l\u2019Animal et proposer ainsi les points \u00e0 am\u00e9liorer pour la sant\u00e9 et le confort de celui-ci.<\/p>\n<h2 style=\"text-align: justify;\"><em><strong>Les points d\u2019observation<\/strong>\u00a0:<\/em><\/h2>\n<ul>\n<li style=\"text-align: justify;\">Environnement (domaine vital)<\/li>\n<li style=\"text-align: justify;\">Alimentation (qualit\u00e9, quantit\u00e9, mode de distribution)<\/li>\n<li style=\"text-align: justify;\">Cong\u00e9n\u00e8res<\/li>\n<li style=\"text-align: justify;\">Relation homme\/animal<\/li>\n<li style=\"text-align: justify;\">Bien-\u00eatre<\/li>\n<li style=\"text-align: justify;\">Travail (discipline pratiqu\u00e9e)<strong>\u00a0<\/strong><\/li>\n<\/ul>\n<p>R\u00e9flexion sur la mise en place d&rsquo;un paddock paradise* (concept cr\u00e9e par Jaime Jackson \u00ab\u00a0<strong>sp\u00e9cialiste du soin des sabots<\/strong>\u00a0\u00bb) pour am\u00e9liorer le milieu de vie de l&rsquo;animal, la sant\u00e9 globale et les facult\u00e9s d&rsquo;apprentissage.<\/p>\n<p>&nbsp;<\/p>\n<p><em>Exemple d&rsquo;un paddock paradise par Jaime Jackson<\/em><\/p>\n<p><img decoding=\"async\" loading=\"lazy\" class=\"alignnone size-large wp-image-484\" src=\"http:\/\/etho-diversite.fr\/wp-content\/uploads\/2016\/11\/paddockparadijs-template-1024x647.jpg\" alt=\"paddock paradise Jaime Jackson\" width=\"720\" height=\"455\" srcset=\"https:\/\/www.etho-diversite.fr\/wp-content\/uploads\/2016\/11\/paddockparadijs-template-1024x647.jpg 1024w, https:\/\/www.etho-diversite.fr\/wp-content\/uploads\/2016\/11\/paddockparadijs-template-300x190.jpg 300w, https:\/\/www.etho-diversite.fr\/wp-content\/uploads\/2016\/11\/paddockparadijs-template-768x485.jpg 768w, https:\/\/www.etho-diversite.fr\/wp-content\/uploads\/2016\/11\/paddockparadijs-template.jpg 1500w\" sizes=\"(max-width: 720px) 100vw, 720px\" \/><\/p>\n<p>&nbsp;<\/p>\n<p>&nbsp;<\/p>\n<p>&nbsp;<\/p>\n","protected":false},"excerpt":{"rendered":"<p>Je propose aux propri\u00e9taires un\u00a0diagnostic complet\u00a0de l\u2019Environnement de l\u2019Animal et proposer ainsi les points \u00e0 am\u00e9liorer pour la sant\u00e9 et le confort de celui-ci. Les points d\u2019observation\u00a0: Environnement (domaine vital) Alimentation (qualit\u00e9, quantit\u00e9, mode de distribution) Cong\u00e9n\u00e8res Relation homme\/animal Bien-\u00eatre<\/p>\n","protected":false},"author":1,"featured_media":51,"parent":17,"menu_order":2,"comment_status":"closed","ping_status":"closed","template":"","meta":{"_exactmetrics_skip_tracking":false,"_exactmetrics_sitenote_active":false,"_exactmetrics_sitenote_note":"","_exactmetrics_sitenote_category":0},"yoast_head":"<!-- This site is optimized with the Yoast SEO plugin v21.8.1 - https:\/\/yoast.com\/wordpress\/plugins\/seo\/ -->\n<title>Diagnostic Environnement - Etho-Diversit\u00e9<\/title>\n<meta name=\"robots\" content=\"index, follow, max-snippet:-1, max-image-preview:large, max-video-preview:-1\" \/>\n<link rel=\"canonical\" href=\"https:\/\/www.etho-diversite.fr\/index.php\/ateliers\/diagnostic-environnement\/\" \/>\n<meta property=\"og:locale\" content=\"fr_FR\" \/>\n<meta property=\"og:type\" content=\"article\" \/>\n<meta property=\"og:title\" content=\"Diagnostic Environnement - Etho-Diversit\u00e9\" \/>\n<meta property=\"og:description\" content=\"Je propose aux propri\u00e9taires un\u00a0diagnostic complet\u00a0de l\u2019Environnement de l\u2019Animal et proposer ainsi les points \u00e0 am\u00e9liorer pour la sant\u00e9 et le confort de celui-ci. Les points d\u2019observation\u00a0: Environnement (domaine vital) Alimentation (qualit\u00e9, quantit\u00e9, mode de distribution) Cong\u00e9n\u00e8res Relation homme\/animal Bien-\u00eatre\" \/>\n<meta property=\"og:url\" content=\"https:\/\/www.etho-diversite.fr\/index.php\/ateliers\/diagnostic-environnement\/\" \/>\n<meta property=\"og:site_name\" content=\"Etho-Diversit\u00e9\" \/>\n<meta property=\"article:modified_time\" content=\"2016-12-02T09:18:17+00:00\" \/>\n<meta property=\"og:image\" content=\"https:\/\/www.etho-diversite.fr\/wp-content\/uploads\/2016\/11\/ethologie-vache-pauline.jpg\" \/>\n\t<meta property=\"og:image:width\" content=\"1100\" \/>\n\t<meta property=\"og:image:height\" content=\"460\" \/>\n\t<meta property=\"og:image:type\" content=\"image\/jpeg\" \/>\n<meta name=\"twitter:card\" content=\"summary_large_image\" \/>\n<meta name=\"twitter:site\" content=\"@etho_diversite\" \/>\n<meta name=\"twitter:label1\" content=\"Dur\u00e9e de lecture estim\u00e9e\" \/>\n\t<meta name=\"twitter:data1\" content=\"1 minute\" \/>\n<script type=\"application\/ld+json\" class=\"yoast-schema-graph\">{\"@context\":\"https:\/\/schema.org\",\"@graph\":[{\"@type\":\"WebPage\",\"@id\":\"https:\/\/www.etho-diversite.fr\/index.php\/ateliers\/diagnostic-environnement\/\",\"url\":\"https:\/\/www.etho-diversite.fr\/index.php\/ateliers\/diagnostic-environnement\/\",\"name\":\"Diagnostic Environnement - Etho-Diversit\u00e9\",\"isPartOf\":{\"@id\":\"https:\/\/www.etho-diversite.fr\/#website\"},\"datePublished\":\"2016-11-23T12:53:12+00:00\",\"dateModified\":\"2016-12-02T09:18:17+00:00\",\"breadcrumb\":{\"@id\":\"https:\/\/www.etho-diversite.fr\/index.php\/ateliers\/diagnostic-environnement\/#breadcrumb\"},\"inLanguage\":\"fr-FR\",\"potentialAction\":[{\"@type\":\"ReadAction\",\"target\":[\"https:\/\/www.etho-diversite.fr\/index.php\/ateliers\/diagnostic-environnement\/\"]}]},{\"@type\":\"BreadcrumbList\",\"@id\":\"https:\/\/www.etho-diversite.fr\/index.php\/ateliers\/diagnostic-environnement\/#breadcrumb\",\"itemListElement\":[{\"@type\":\"ListItem\",\"position\":1,\"name\":\"Accueil\",\"item\":\"https:\/\/www.etho-diversite.fr\/\"},{\"@type\":\"ListItem\",\"position\":2,\"name\":\"Ateliers &#038; Formations Plein Air\",\"item\":\"https:\/\/www.etho-diversite.fr\/index.php\/ateliers\/\"},{\"@type\":\"ListItem\",\"position\":3,\"name\":\"Diagnostic Environnement\"}]},{\"@type\":\"WebSite\",\"@id\":\"https:\/\/www.etho-diversite.fr\/#website\",\"url\":\"https:\/\/www.etho-diversite.fr\/\",\"name\":\"Etho-Diversit\u00e9\",\"description\":\"Ethologie Appliqu\u00e9e, Education Positive | EQUINS - BOVINS - CAPRINS\",\"publisher\":{\"@id\":\"https:\/\/www.etho-diversite.fr\/#\/schema\/person\/2db05b23d32d661768744ef0b2e3ed03\"},\"potentialAction\":[{\"@type\":\"SearchAction\",\"target\":{\"@type\":\"EntryPoint\",\"urlTemplate\":\"https:\/\/www.etho-diversite.fr\/?s={search_term_string}\"},\"query-input\":\"required name=search_term_string\"}],\"inLanguage\":\"fr-FR\"},{\"@type\":[\"Person\",\"Organization\"],\"@id\":\"https:\/\/www.etho-diversite.fr\/#\/schema\/person\/2db05b23d32d661768744ef0b2e3ed03\",\"name\":\"Pauline GARCIA | Etho-Diversit\u00e9\",\"image\":{\"@type\":\"ImageObject\",\"inLanguage\":\"fr-FR\",\"@id\":\"https:\/\/www.etho-diversite.fr\/#\/schema\/person\/image\/\",\"url\":\"https:\/\/www.etho-diversite.fr\/wp-content\/uploads\/2020\/07\/cropped-logo-Pauline-GARCIA-Etho-Diversit\u00e9-version-2019.jpg\",\"contentUrl\":\"https:\/\/www.etho-diversite.fr\/wp-content\/uploads\/2020\/07\/cropped-logo-Pauline-GARCIA-Etho-Diversit\u00e9-version-2019.jpg\",\"width\":2496,\"height\":2500,\"caption\":\"Pauline GARCIA | Etho-Diversit\u00e9\"},\"logo\":{\"@id\":\"https:\/\/www.etho-diversite.fr\/#\/schema\/person\/image\/\"},\"description\":\"\u00c9ducation positive bas\u00e9e sur l'\u00e9thologie, les besoins fondamentaux et le bien-\u00eatre de l'Animal, et plus particuli\u00e8rement ceux du cheval, de la vache, et de la ch\u00e8vre. Astuces, actualit\u00e9s, formations, stages, initiation, coaching sur etho-diversite.fr Coaching en ligne pour les 3 esp\u00e8ces et webinaire.\",\"sameAs\":[\"https:\/\/www.etho-diversit\u00e9.fr\"]}]}<\/script>\n<!-- \/ Yoast SEO plugin. -->","yoast_head_json":{"title":"Diagnostic Environnement - Etho-Diversit\u00e9","robots":{"index":"index","follow":"follow","max-snippet":"max-snippet:-1","max-image-preview":"max-image-preview:large","max-video-preview":"max-video-preview:-1"},"canonical":"https:\/\/www.etho-diversite.fr\/index.php\/ateliers\/diagnostic-environnement\/","og_locale":"fr_FR","og_type":"article","og_title":"Diagnostic Environnement - Etho-Diversit\u00e9","og_description":"Je propose aux propri\u00e9taires un\u00a0diagnostic complet\u00a0de l\u2019Environnement de l\u2019Animal et proposer ainsi les points \u00e0 am\u00e9liorer pour la sant\u00e9 et le confort de celui-ci. Les points d\u2019observation\u00a0: Environnement (domaine vital) Alimentation (qualit\u00e9, quantit\u00e9, mode de distribution) Cong\u00e9n\u00e8res Relation homme\/animal Bien-\u00eatre","og_url":"https:\/\/www.etho-diversite.fr\/index.php\/ateliers\/diagnostic-environnement\/","og_site_name":"Etho-Diversit\u00e9","article_modified_time":"2016-12-02T09:18:17+00:00","og_image":[{"width":1100,"height":460,"url":"https:\/\/www.etho-diversite.fr\/wp-content\/uploads\/2016\/11\/ethologie-vache-pauline.jpg","type":"image\/jpeg"}],"twitter_card":"summary_large_image","twitter_site":"@etho_diversite","twitter_misc":{"Dur\u00e9e de lecture estim\u00e9e":"1 minute"},"schema":{"@context":"https:\/\/schema.org","@graph":[{"@type":"WebPage","@id":"https:\/\/www.etho-diversite.fr\/index.php\/ateliers\/diagnostic-environnement\/","url":"https:\/\/www.etho-diversite.fr\/index.php\/ateliers\/diagnostic-environnement\/","name":"Diagnostic Environnement - Etho-Diversit\u00e9","isPartOf":{"@id":"https:\/\/www.etho-diversite.fr\/#website"},"datePublished":"2016-11-23T12:53:12+00:00","dateModified":"2016-12-02T09:18:17+00:00","breadcrumb":{"@id":"https:\/\/www.etho-diversite.fr\/index.php\/ateliers\/diagnostic-environnement\/#breadcrumb"},"inLanguage":"fr-FR","potentialAction":[{"@type":"ReadAction","target":["https:\/\/www.etho-diversite.fr\/index.php\/ateliers\/diagnostic-environnement\/"]}]},{"@type":"BreadcrumbList","@id":"https:\/\/www.etho-diversite.fr\/index.php\/ateliers\/diagnostic-environnement\/#breadcrumb","itemListElement":[{"@type":"ListItem","position":1,"name":"Accueil","item":"https:\/\/www.etho-diversite.fr\/"},{"@type":"ListItem","position":2,"name":"Ateliers &#038; Formations Plein Air","item":"https:\/\/www.etho-diversite.fr\/index.php\/ateliers\/"},{"@type":"ListItem","position":3,"name":"Diagnostic Environnement"}]},{"@type":"WebSite","@id":"https:\/\/www.etho-diversite.fr\/#website","url":"https:\/\/www.etho-diversite.fr\/","name":"Etho-Diversit\u00e9","description":"Ethologie Appliqu\u00e9e, Education Positive | EQUINS - BOVINS - CAPRINS","publisher":{"@id":"https:\/\/www.etho-diversite.fr\/#\/schema\/person\/2db05b23d32d661768744ef0b2e3ed03"},"potentialAction":[{"@type":"SearchAction","target":{"@type":"EntryPoint","urlTemplate":"https:\/\/www.etho-diversite.fr\/?s={search_term_string}"},"query-input":"required name=search_term_string"}],"inLanguage":"fr-FR"},{"@type":["Person","Organization"],"@id":"https:\/\/www.etho-diversite.fr\/#\/schema\/person\/2db05b23d32d661768744ef0b2e3ed03","name":"Pauline GARCIA | Etho-Diversit\u00e9","image":{"@type":"ImageObject","inLanguage":"fr-FR","@id":"https:\/\/www.etho-diversite.fr\/#\/schema\/person\/image\/","url":"https:\/\/www.etho-diversite.fr\/wp-content\/uploads\/2020\/07\/cropped-logo-Pauline-GARCIA-Etho-Diversit\u00e9-version-2019.jpg","contentUrl":"https:\/\/www.etho-diversite.fr\/wp-content\/uploads\/2020\/07\/cropped-logo-Pauline-GARCIA-Etho-Diversit\u00e9-version-2019.jpg","width":2496,"height":2500,"caption":"Pauline GARCIA | Etho-Diversit\u00e9"},"logo":{"@id":"https:\/\/www.etho-diversite.fr\/#\/schema\/person\/image\/"},"description":"\u00c9ducation positive bas\u00e9e sur l'\u00e9thologie, les besoins fondamentaux et le bien-\u00eatre de l'Animal, et plus particuli\u00e8rement ceux du cheval, de la vache, et de la ch\u00e8vre. Astuces, actualit\u00e9s, formations, stages, initiation, coaching sur etho-diversite.fr Coaching en ligne pour les 3 esp\u00e8ces et webinaire.","sameAs":["https:\/\/www.etho-diversit\u00e9.fr"]}]}},"_links":{"self":[{"href":"https:\/\/www.etho-diversite.fr\/index.php\/wp-json\/wp\/v2\/pages\/169"}],"collection":[{"href":"https:\/\/www.etho-diversite.fr\/index.php\/wp-json\/wp\/v2\/pages"}],"about":[{"href":"https:\/\/www.etho-diversite.fr\/index.php\/wp-json\/wp\/v2\/types\/page"}],"author":[{"embeddable":true,"href":"https:\/\/www.etho-diversite.fr\/index.php\/wp-json\/wp\/v2\/users\/1"}],"replies":[{"embeddable":true,"href":"https:\/\/www.etho-diversite.fr\/index.php\/wp-json\/wp\/v2\/comments?post=169"}],"version-history":[{"count":9,"href":"https:\/\/www.etho-diversite.fr\/index.php\/wp-json\/wp\/v2\/pages\/169\/revisions"}],"predecessor-version":[{"id":486,"href":"https:\/\/www.etho-diversite.fr\/index.php\/wp-json\/wp\/v2\/pages\/169\/revisions\/486"}],"up":[{"embeddable":true,"href":"https:\/\/www.etho-diversite.fr\/index.php\/wp-json\/wp\/v2\/pages\/17"}],"wp:featuredmedia":[{"embeddable":true,"href":"https:\/\/www.etho-diversite.fr\/index.php\/wp-json\/wp\/v2\/media\/51"}],"wp:attachment":[{"href":"https:\/\/www.etho-diversite.fr\/index.php\/wp-json\/wp\/v2\/media?parent=169"}],"curies":[{"name":"wp","href":"https:\/\/api.w.org\/{rel}","templated":true}]}}