{"id":17,"date":"2016-11-22T21:48:05","date_gmt":"2016-11-22T20:48:05","guid":{"rendered":"http:\/\/etho-diversite.fr\/?page_id=17"},"modified":"2022-06-03T16:29:06","modified_gmt":"2022-06-03T14:29:06","slug":"ateliers","status":"publish","type":"page","link":"https:\/\/www.etho-diversite.fr\/index.php\/ateliers\/","title":{"rendered":"Ateliers &#038; Formations Plein Air"},"content":{"rendered":"<p><span style=\"color: #ffffff;\">Th\u00e8mes, Objectifs &amp; Public Concern\u00e9<\/span><\/p>\n<h2><!--more--><\/h2>\n<h2><img decoding=\"async\" loading=\"lazy\" class=\"size-full wp-image-1262 aligncenter\" src=\"https:\/\/www.etho-diversite.fr\/wp-content\/uploads\/2022\/06\/cheval-education-1.jpg\" alt=\"\" width=\"960\" height=\"398\" srcset=\"https:\/\/www.etho-diversite.fr\/wp-content\/uploads\/2022\/06\/cheval-education-1.jpg 960w, https:\/\/www.etho-diversite.fr\/wp-content\/uploads\/2022\/06\/cheval-education-1-300x124.jpg 300w, https:\/\/www.etho-diversite.fr\/wp-content\/uploads\/2022\/06\/cheval-education-1-768x318.jpg 768w, https:\/\/www.etho-diversite.fr\/wp-content\/uploads\/2022\/06\/cheval-education-1-720x300.jpg 720w\" sizes=\"(max-width: 960px) 100vw, 960px\" \/><\/h2>\n<h2><img decoding=\"async\" loading=\"lazy\" class=\" wp-image-1219 aligncenter\" src=\"https:\/\/www.etho-diversite.fr\/wp-content\/uploads\/2022\/06\/logo-etho-diversite.png\" alt=\"\" width=\"279\" height=\"135\" srcset=\"https:\/\/www.etho-diversite.fr\/wp-content\/uploads\/2022\/06\/logo-etho-diversite.png 413w, https:\/\/www.etho-diversite.fr\/wp-content\/uploads\/2022\/06\/logo-etho-diversite-300x145.png 300w\" sizes=\"(max-width: 279px) 100vw, 279px\" \/><\/h2>\n<h2><strong><em>a) Les th\u00e8mes :<\/em><\/strong><\/h2>\n<ul>\n<li>Comparaison animal sauvage \/ animal domestique<\/li>\n<li>Les perceptions sensorielles de l\u2019animal : Les 5 sens de l\u2019animal<\/li>\n<li>Observation animale \u00ab \u00e9duquer son regard \u00bb<\/li>\n<li>R\u00e9-\u00e9ducation animale<\/li>\n<li>Apprentissage, \u00e9ducation : \u00ab Clicker training \u00bb<\/li>\n<li>Technique du renforcement positif<\/li>\n<\/ul>\n<p><img decoding=\"async\" loading=\"lazy\" class=\"size-full wp-image-894 aligncenter\" src=\"http:\/\/etho-diversite.fr\/wp-content\/uploads\/2017\/12\/Formation-Eleveurs-la-Pratique-auvergne.jpg\" alt=\"\" width=\"960\" height=\"421\" srcset=\"https:\/\/www.etho-diversite.fr\/wp-content\/uploads\/2017\/12\/Formation-Eleveurs-la-Pratique-auvergne.jpg 960w, https:\/\/www.etho-diversite.fr\/wp-content\/uploads\/2017\/12\/Formation-Eleveurs-la-Pratique-auvergne-300x132.jpg 300w, https:\/\/www.etho-diversite.fr\/wp-content\/uploads\/2017\/12\/Formation-Eleveurs-la-Pratique-auvergne-768x337.jpg 768w\" sizes=\"(max-width: 960px) 100vw, 960px\" \/><\/p>\n<p style=\"text-align: center;\"><span style=\"color: #999999;\"><em>Formation Eleveurs : exercices pratique d&rsquo;observation<\/em><\/span><\/p>\n<h2><em><strong>b)\u00a0Les objectifs :<\/strong><\/em><\/h2>\n<ul>\n<li>Apporter les connaissances scientifiques abordables sur le comportement de l\u2019animal<\/li>\n<li>D\u00e9velopper les comp\u00e9tences dans le domaine de l\u2019observation et de l\u2019analyse du comportement<\/li>\n<li>Apprendre \u00e0 utiliser ces comp\u00e9tences et connaissances pour la pratique quotidienne : relation Homme\/Cheval, apprentissage, travail en s\u00e9curit\u00e9<\/li>\n<li>Familiarisation avec les outils : clicker training, technique du renforcement positif.<\/li>\n<\/ul>\n<h2><img decoding=\"async\" loading=\"lazy\" class=\"size-full wp-image-938 aligncenter\" src=\"http:\/\/etho-diversite.fr\/wp-content\/uploads\/2017\/12\/IMG_0178.jpg\" alt=\"\" width=\"960\" height=\"627\" srcset=\"https:\/\/www.etho-diversite.fr\/wp-content\/uploads\/2017\/12\/IMG_0178.jpg 960w, https:\/\/www.etho-diversite.fr\/wp-content\/uploads\/2017\/12\/IMG_0178-300x196.jpg 300w, https:\/\/www.etho-diversite.fr\/wp-content\/uploads\/2017\/12\/IMG_0178-768x502.jpg 768w\" sizes=\"(max-width: 960px) 100vw, 960px\" \/><\/h2>\n<h2><em><strong>c) Le public :<\/strong><\/em><\/h2>\n<p>Formule individuelle ou en groupe.<\/p>\n<h3><strong><u>Cours particuliers, d\u00e9butants :<\/u><\/strong><\/h3>\n<ul>\n<li style=\"text-align: justify;\">S&rsquo;adressent aux non-professionnels, particuliers, propri\u00e9taires de chevaux, de vaches, de ch\u00e8vres&#8230;.<\/li>\n<li style=\"text-align: justify;\">Travail au sol type \u00ab<em> equifeel \u00bb,\u00ab equility<\/em> \u00bb (discipline \u00e9questre au sol inspir\u00e9e de \u00ab<em>l\u2019agility<\/em> \u00bb pour chien).<\/li>\n<li style=\"text-align: justify;\">Travail sur des comportements ind\u00e9sirables (ne donne pas les pieds, s\u2019agite au montoir, peur de l\u2019embarquement\u2026)<\/li>\n<\/ul>\n<h2><img decoding=\"async\" loading=\"lazy\" class=\"aligncenter wp-image-208\" src=\"http:\/\/etho-diversite.fr\/wp-content\/uploads\/2016\/11\/file2-2-e1479912602763.jpeg\" alt=\"cours ethologie stage formation\" width=\"960\" height=\"325\" srcset=\"https:\/\/www.etho-diversite.fr\/wp-content\/uploads\/2016\/11\/file2-2-e1479912602763.jpeg 957w, https:\/\/www.etho-diversite.fr\/wp-content\/uploads\/2016\/11\/file2-2-e1479912602763-300x102.jpeg 300w, https:\/\/www.etho-diversite.fr\/wp-content\/uploads\/2016\/11\/file2-2-e1479912602763-768x260.jpeg 768w\" sizes=\"(max-width: 960px) 100vw, 960px\" \/><\/h2>\n<h3><strong><u>Cours professionnels ou confirm\u00e9s :<\/u><\/strong><\/h3>\n<ul>\n<li style=\"text-align: justify;\">S\u2019adressent aux professionnels des m\u00e9tiers du cheval\u00a0: les\u00a0 instructeurs, accompagnateurs de tourisme \u00e9questre, \u00e9leveurs, soigneurs (m\u00e9dical training), v\u00e9t\u00e9rinaires, assistants v\u00e9t\u00e9rinaires, moniteurs, palefreniers, ost\u00e9opathes \u00e9quins, dentistes \u00e9quins qui manipulent les animaux dans des circonstances tr\u00e8s particuli\u00e8res (\u00e9quitation, soins, conduite d&rsquo;un troupeau&#8230;),\u00a0cavaliers pro, \u00e9leveurs, lyc\u00e9es agricoles fili\u00e8re \u00e9quine, MFR\u2026)<\/li>\n<li style=\"text-align: justify;\">Initiation et apprentissage au renforcement positif, \u00ab clicker training \u00bb<\/li>\n<li>\u00a0<\/li>\n<\/ul>\n\n<div class=\"wp-block-image\">\n<figure class=\"aligncenter size-full\"><\/figure><\/div>\n\n\n","protected":false},"excerpt":{"rendered":"<p>Th\u00e8mes, Objectifs &amp; Public Concern\u00e9<\/p>\n","protected":false},"author":1,"featured_media":32,"parent":0,"menu_order":4,"comment_status":"closed","ping_status":"closed","template":"","meta":{"_exactmetrics_skip_tracking":false,"_exactmetrics_sitenote_active":false,"_exactmetrics_sitenote_note":"","_exactmetrics_sitenote_category":0},"yoast_head":"<!-- This site is optimized with the Yoast SEO plugin v21.8.1 - https:\/\/yoast.com\/wordpress\/plugins\/seo\/ -->\n<title>Ateliers &amp; Formations Plein Air - Etho-Diversit\u00e9<\/title>\n<meta name=\"description\" content=\"Formule individuelle ou en groupe. Cours particuliers\/d\u00e9butants ou cours professionnels\/confirm\u00e9s. Contactez-moi\" \/>\n<meta name=\"robots\" content=\"index, follow, max-snippet:-1, max-image-preview:large, max-video-preview:-1\" \/>\n<link rel=\"canonical\" href=\"https:\/\/www.etho-diversite.fr\/index.php\/ateliers\/\" \/>\n<meta property=\"og:locale\" content=\"fr_FR\" \/>\n<meta property=\"og:type\" content=\"article\" \/>\n<meta property=\"og:title\" content=\"Ateliers &amp; Formations Plein Air - Etho-Diversit\u00e9\" \/>\n<meta property=\"og:description\" content=\"Formule individuelle ou en groupe. Cours particuliers\/d\u00e9butants ou cours professionnels\/confirm\u00e9s. Contactez-moi\" \/>\n<meta property=\"og:url\" content=\"https:\/\/www.etho-diversite.fr\/index.php\/ateliers\/\" \/>\n<meta property=\"og:site_name\" content=\"Etho-Diversit\u00e9\" \/>\n<meta property=\"article:modified_time\" content=\"2022-06-03T14:29:06+00:00\" \/>\n<meta property=\"og:image\" content=\"https:\/\/www.etho-diversite.fr\/wp-content\/uploads\/2016\/11\/ateliers.jpg\" \/>\n\t<meta property=\"og:image:width\" content=\"600\" \/>\n\t<meta property=\"og:image:height\" content=\"330\" \/>\n\t<meta property=\"og:image:type\" content=\"image\/jpeg\" \/>\n<meta name=\"twitter:card\" content=\"summary_large_image\" \/>\n<meta name=\"twitter:site\" content=\"@etho_diversite\" \/>\n<meta name=\"twitter:label1\" content=\"Dur\u00e9e de lecture estim\u00e9e\" \/>\n\t<meta name=\"twitter:data1\" content=\"3 minutes\" \/>\n<script type=\"application\/ld+json\" class=\"yoast-schema-graph\">{\"@context\":\"https:\/\/schema.org\",\"@graph\":[{\"@type\":\"WebPage\",\"@id\":\"https:\/\/www.etho-diversite.fr\/index.php\/ateliers\/\",\"url\":\"https:\/\/www.etho-diversite.fr\/index.php\/ateliers\/\",\"name\":\"Ateliers & Formations Plein Air - Etho-Diversit\u00e9\",\"isPartOf\":{\"@id\":\"https:\/\/www.etho-diversite.fr\/#website\"},\"datePublished\":\"2016-11-22T20:48:05+00:00\",\"dateModified\":\"2022-06-03T14:29:06+00:00\",\"description\":\"Formule individuelle ou en groupe. Cours particuliers\/d\u00e9butants ou cours professionnels\/confirm\u00e9s. Contactez-moi\",\"breadcrumb\":{\"@id\":\"https:\/\/www.etho-diversite.fr\/index.php\/ateliers\/#breadcrumb\"},\"inLanguage\":\"fr-FR\",\"potentialAction\":[{\"@type\":\"ReadAction\",\"target\":[\"https:\/\/www.etho-diversite.fr\/index.php\/ateliers\/\"]}]},{\"@type\":\"BreadcrumbList\",\"@id\":\"https:\/\/www.etho-diversite.fr\/index.php\/ateliers\/#breadcrumb\",\"itemListElement\":[{\"@type\":\"ListItem\",\"position\":1,\"name\":\"Accueil\",\"item\":\"https:\/\/www.etho-diversite.fr\/\"},{\"@type\":\"ListItem\",\"position\":2,\"name\":\"Ateliers &#038; Formations Plein Air\"}]},{\"@type\":\"WebSite\",\"@id\":\"https:\/\/www.etho-diversite.fr\/#website\",\"url\":\"https:\/\/www.etho-diversite.fr\/\",\"name\":\"Etho-Diversit\u00e9\",\"description\":\"Ethologie Appliqu\u00e9e, Education Positive | EQUINS - BOVINS - CAPRINS\",\"publisher\":{\"@id\":\"https:\/\/www.etho-diversite.fr\/#\/schema\/person\/2db05b23d32d661768744ef0b2e3ed03\"},\"potentialAction\":[{\"@type\":\"SearchAction\",\"target\":{\"@type\":\"EntryPoint\",\"urlTemplate\":\"https:\/\/www.etho-diversite.fr\/?s={search_term_string}\"},\"query-input\":\"required name=search_term_string\"}],\"inLanguage\":\"fr-FR\"},{\"@type\":[\"Person\",\"Organization\"],\"@id\":\"https:\/\/www.etho-diversite.fr\/#\/schema\/person\/2db05b23d32d661768744ef0b2e3ed03\",\"name\":\"Pauline GARCIA | Etho-Diversit\u00e9\",\"image\":{\"@type\":\"ImageObject\",\"inLanguage\":\"fr-FR\",\"@id\":\"https:\/\/www.etho-diversite.fr\/#\/schema\/person\/image\/\",\"url\":\"https:\/\/www.etho-diversite.fr\/wp-content\/uploads\/2020\/07\/cropped-logo-Pauline-GARCIA-Etho-Diversit\u00e9-version-2019.jpg\",\"contentUrl\":\"https:\/\/www.etho-diversite.fr\/wp-content\/uploads\/2020\/07\/cropped-logo-Pauline-GARCIA-Etho-Diversit\u00e9-version-2019.jpg\",\"width\":2496,\"height\":2500,\"caption\":\"Pauline GARCIA | Etho-Diversit\u00e9\"},\"logo\":{\"@id\":\"https:\/\/www.etho-diversite.fr\/#\/schema\/person\/image\/\"},\"description\":\"\u00c9ducation positive bas\u00e9e sur l'\u00e9thologie, les besoins fondamentaux et le bien-\u00eatre de l'Animal, et plus particuli\u00e8rement ceux du cheval, de la vache, et de la ch\u00e8vre. Astuces, actualit\u00e9s, formations, stages, initiation, coaching sur etho-diversite.fr Coaching en ligne pour les 3 esp\u00e8ces et webinaire.\",\"sameAs\":[\"https:\/\/www.etho-diversit\u00e9.fr\"]}]}<\/script>\n<!-- \/ Yoast SEO plugin. -->","yoast_head_json":{"title":"Ateliers & Formations Plein Air - Etho-Diversit\u00e9","description":"Formule individuelle ou en groupe. Cours particuliers\/d\u00e9butants ou cours professionnels\/confirm\u00e9s. Contactez-moi","robots":{"index":"index","follow":"follow","max-snippet":"max-snippet:-1","max-image-preview":"max-image-preview:large","max-video-preview":"max-video-preview:-1"},"canonical":"https:\/\/www.etho-diversite.fr\/index.php\/ateliers\/","og_locale":"fr_FR","og_type":"article","og_title":"Ateliers & Formations Plein Air - Etho-Diversit\u00e9","og_description":"Formule individuelle ou en groupe. Cours particuliers\/d\u00e9butants ou cours professionnels\/confirm\u00e9s. Contactez-moi","og_url":"https:\/\/www.etho-diversite.fr\/index.php\/ateliers\/","og_site_name":"Etho-Diversit\u00e9","article_modified_time":"2022-06-03T14:29:06+00:00","og_image":[{"width":600,"height":330,"url":"https:\/\/www.etho-diversite.fr\/wp-content\/uploads\/2016\/11\/ateliers.jpg","type":"image\/jpeg"}],"twitter_card":"summary_large_image","twitter_site":"@etho_diversite","twitter_misc":{"Dur\u00e9e de lecture estim\u00e9e":"3 minutes"},"schema":{"@context":"https:\/\/schema.org","@graph":[{"@type":"WebPage","@id":"https:\/\/www.etho-diversite.fr\/index.php\/ateliers\/","url":"https:\/\/www.etho-diversite.fr\/index.php\/ateliers\/","name":"Ateliers & Formations Plein Air - Etho-Diversit\u00e9","isPartOf":{"@id":"https:\/\/www.etho-diversite.fr\/#website"},"datePublished":"2016-11-22T20:48:05+00:00","dateModified":"2022-06-03T14:29:06+00:00","description":"Formule individuelle ou en groupe. Cours particuliers\/d\u00e9butants ou cours professionnels\/confirm\u00e9s. Contactez-moi","breadcrumb":{"@id":"https:\/\/www.etho-diversite.fr\/index.php\/ateliers\/#breadcrumb"},"inLanguage":"fr-FR","potentialAction":[{"@type":"ReadAction","target":["https:\/\/www.etho-diversite.fr\/index.php\/ateliers\/"]}]},{"@type":"BreadcrumbList","@id":"https:\/\/www.etho-diversite.fr\/index.php\/ateliers\/#breadcrumb","itemListElement":[{"@type":"ListItem","position":1,"name":"Accueil","item":"https:\/\/www.etho-diversite.fr\/"},{"@type":"ListItem","position":2,"name":"Ateliers &#038; Formations Plein Air"}]},{"@type":"WebSite","@id":"https:\/\/www.etho-diversite.fr\/#website","url":"https:\/\/www.etho-diversite.fr\/","name":"Etho-Diversit\u00e9","description":"Ethologie Appliqu\u00e9e, Education Positive | EQUINS - BOVINS - CAPRINS","publisher":{"@id":"https:\/\/www.etho-diversite.fr\/#\/schema\/person\/2db05b23d32d661768744ef0b2e3ed03"},"potentialAction":[{"@type":"SearchAction","target":{"@type":"EntryPoint","urlTemplate":"https:\/\/www.etho-diversite.fr\/?s={search_term_string}"},"query-input":"required name=search_term_string"}],"inLanguage":"fr-FR"},{"@type":["Person","Organization"],"@id":"https:\/\/www.etho-diversite.fr\/#\/schema\/person\/2db05b23d32d661768744ef0b2e3ed03","name":"Pauline GARCIA | Etho-Diversit\u00e9","image":{"@type":"ImageObject","inLanguage":"fr-FR","@id":"https:\/\/www.etho-diversite.fr\/#\/schema\/person\/image\/","url":"https:\/\/www.etho-diversite.fr\/wp-content\/uploads\/2020\/07\/cropped-logo-Pauline-GARCIA-Etho-Diversit\u00e9-version-2019.jpg","contentUrl":"https:\/\/www.etho-diversite.fr\/wp-content\/uploads\/2020\/07\/cropped-logo-Pauline-GARCIA-Etho-Diversit\u00e9-version-2019.jpg","width":2496,"height":2500,"caption":"Pauline GARCIA | Etho-Diversit\u00e9"},"logo":{"@id":"https:\/\/www.etho-diversite.fr\/#\/schema\/person\/image\/"},"description":"\u00c9ducation positive bas\u00e9e sur l'\u00e9thologie, les besoins fondamentaux et le bien-\u00eatre de l'Animal, et plus particuli\u00e8rement ceux du cheval, de la vache, et de la ch\u00e8vre. Astuces, actualit\u00e9s, formations, stages, initiation, coaching sur etho-diversite.fr Coaching en ligne pour les 3 esp\u00e8ces et webinaire.","sameAs":["https:\/\/www.etho-diversit\u00e9.fr"]}]}},"_links":{"self":[{"href":"https:\/\/www.etho-diversite.fr\/index.php\/wp-json\/wp\/v2\/pages\/17"}],"collection":[{"href":"https:\/\/www.etho-diversite.fr\/index.php\/wp-json\/wp\/v2\/pages"}],"about":[{"href":"https:\/\/www.etho-diversite.fr\/index.php\/wp-json\/wp\/v2\/types\/page"}],"author":[{"embeddable":true,"href":"https:\/\/www.etho-diversite.fr\/index.php\/wp-json\/wp\/v2\/users\/1"}],"replies":[{"embeddable":true,"href":"https:\/\/www.etho-diversite.fr\/index.php\/wp-json\/wp\/v2\/comments?post=17"}],"version-history":[{"count":27,"href":"https:\/\/www.etho-diversite.fr\/index.php\/wp-json\/wp\/v2\/pages\/17\/revisions"}],"predecessor-version":[{"id":1263,"href":"https:\/\/www.etho-diversite.fr\/index.php\/wp-json\/wp\/v2\/pages\/17\/revisions\/1263"}],"wp:featuredmedia":[{"embeddable":true,"href":"https:\/\/www.etho-diversite.fr\/index.php\/wp-json\/wp\/v2\/media\/32"}],"wp:attachment":[{"href":"https:\/\/www.etho-diversite.fr\/index.php\/wp-json\/wp\/v2\/media?parent=17"}],"curies":[{"name":"wp","href":"https:\/\/api.w.org\/{rel}","templated":true}]}}