{"id":173,"date":"2016-11-23T13:55:29","date_gmt":"2016-11-23T12:55:29","guid":{"rendered":"http:\/\/etho-diversite.fr\/?page_id=173"},"modified":"2022-06-03T16:42:39","modified_gmt":"2022-06-03T14:42:39","slug":"cv","status":"publish","type":"page","link":"https:\/\/www.etho-diversite.fr\/index.php\/a-propos\/cv\/","title":{"rendered":"Mon CV, un parcours de vie"},"content":{"rendered":"<blockquote>\n<p style=\"text-align: left;\">\u00a0Je partage mes connaissances avec passion\u00a0et d\u00e9veloppe\u00a0mon savoir r\u00e9guli\u00e8rement.<\/p>\n<\/blockquote>\n<p><a href=\"https:\/\/www.linkedin.com\/in\/pauline-garcia\/\"><img decoding=\"async\" loading=\"lazy\" class=\"alignright wp-image-943\" src=\"http:\/\/etho-diversite.fr\/wp-content\/uploads\/2017\/12\/images-1-300x83.png\" alt=\"\" width=\"150\" height=\"41\" srcset=\"https:\/\/www.etho-diversite.fr\/wp-content\/uploads\/2017\/12\/images-1-300x83.png 300w, https:\/\/www.etho-diversite.fr\/wp-content\/uploads\/2017\/12\/images-1.png 428w\" sizes=\"(max-width: 150px) 100vw, 150px\" \/><\/a><\/p>\n<h1><\/h1>\n<p style=\"text-align: right;\"><a href=\"https:\/\/www.linkedin.com\/in\/pauline-garcia\/\" target=\"_blank\" rel=\"noopener\">Retrouvez <strong>mon profil Linkedin<\/strong> (en cliquant ici)<\/a><\/p>\n<h2><span style=\"color: #339966;\">Depuis 2014 :<\/span><\/h2>\n<p><span style=\"color: #000000;\">&#8211; Comportementaliste Animalier (Label Sfeca depuis 2018 Equins &#8211; Bovins)<\/span><\/p>\n<p><span style=\"color: #000000;\">&#8211; Coach Ethologie \u00c9ducation Relation<\/span><\/p>\n<p><span style=\"color: #000000;\">&#8211; Agricultrice<\/span><\/p>\n<p><span style=\"color: #000000;\">&#8211; Formatrice<\/span><\/p>\n<p><span style=\"color: #000000;\">&#8211; Auteure (<em>Le petite guide illustr\u00e9 du bien-\u00eatre des bovins<\/em>, Ed. France Agricole 2020)<\/span><\/p>\n<p><a href=\"http:\/\/wp.sfeca.info\/\"><img decoding=\"async\" loading=\"lazy\" class=\"aligncenter wp-image-1219 size-full\" src=\"https:\/\/www.etho-diversite.fr\/wp-content\/uploads\/2022\/06\/logo-etho-diversite.png\" alt=\"\" width=\"413\" height=\"200\" srcset=\"https:\/\/www.etho-diversite.fr\/wp-content\/uploads\/2022\/06\/logo-etho-diversite.png 413w, https:\/\/www.etho-diversite.fr\/wp-content\/uploads\/2022\/06\/logo-etho-diversite-300x145.png 300w\" sizes=\"(max-width: 413px) 100vw, 413px\" \/><\/a><\/p>\n<p><span style=\"color: #ffffff;\">.<\/span><\/p>\n<h2><span style=\"color: #0c961c;\">MES \u00c9TUDES &amp;\u00a0FORMATIONS :<\/span><\/h2>\n<ul>\n<li>2016 &#8211; Formation <strong>Ost\u00e9opathie Bovin<\/strong> avec Yohann Gras, Mauriac, Cantal<\/li>\n<li style=\"text-align: justify;\">Formation <strong>M\u00e9decines manuelles &amp; Reboutage<\/strong> en \u00c9levage, v\u00e9t\u00e9rinaire GIE Zone Verte \/ Cant&rsquo;Adear, Cantal<\/li>\n<li style=\"text-align: justify;\">Formation <strong>M\u00e9decines Alternatives<\/strong> en \u00e9levage Bovin (<em>hom\u00e9opathie, argiloth\u00e9rapie, aromath\u00e9rapie, phytoth\u00e9rapie<\/em>) avec le v\u00e9t\u00e9rinaire Gilles Grosmond, Mauriac, Cantal<\/li>\n<li>2015 &gt; 2016 &#8211; Initiation <strong>Shiastu\u00a0<\/strong><b>\u00c9quin<\/b>\u00a0avec Estelle Brodeur, Haute-Loire, Allier, Cantal<\/li>\n<li>2015 &#8211; Formation <strong>Parage Naturel\u00a0<\/strong><b>\u00c9quin<\/b>\u00a0avec la sp\u00e9cialiste en podologie \u00e9quine Aur\u00e9lie Matern<\/li>\n<li>2014 &#8211; Formation\u00a0<strong>\u00c9thologie\u00a0Bovine<\/strong>, INRA Theix, Puy de D\u00f4me<\/li>\n<li>2013 &gt; 2014 &#8211; <strong>Brevet Professionnel de Responsable d&rsquo;Exploitation Agricole<\/strong> (sp\u00e9cialit\u00e9 ruminant), CFPPA Bonnefont, Brioude &#8211; Haute Loire<\/li>\n<li>2013 &amp; 2014 &#8211; <strong>Stages de formation au Clicker-Training<\/strong> avec l&rsquo;\u00e9thologue H\u00e9l\u00e8ne Roche, Centre d&rsquo;\u00e9quitation Firfoll &amp; Centre \u00e9questre Lentilly, Lyon<\/li>\n<li>2011 &gt; 2013 &#8211; <strong>Dipl\u00f4me Universitaire \u00c9thologie\u00a0<\/strong><b>\u00c9quine<\/b>, Universit\u00e9 Rennes I, form\u00e9e par l&rsquo;\u00e9quipe d&rsquo;\u00e9thologues de Martine Hausberger, Bretagne<\/li>\n<\/ul>\n","protected":false},"excerpt":{"rendered":"<p>\u00a0Je partage mes connaissances avec passion\u00a0et d\u00e9veloppe\u00a0mon savoir r\u00e9guli\u00e8rement. Retrouvez mon profil Linkedin (en cliquant ici) Depuis 2014 : &#8211; Comportementaliste Animalier (Label Sfeca depuis 2018 Equins &#8211; Bovins) &#8211; Coach Ethologie \u00c9ducation Relation &#8211; Agricultrice &#8211; Formatrice &#8211; Auteure<\/p>\n","protected":false},"author":1,"featured_media":214,"parent":8,"menu_order":4,"comment_status":"closed","ping_status":"closed","template":"","meta":{"_exactmetrics_skip_tracking":false,"_exactmetrics_sitenote_active":false,"_exactmetrics_sitenote_note":"","_exactmetrics_sitenote_category":0},"yoast_head":"<!-- This site is optimized with the Yoast SEO plugin v21.8.1 - https:\/\/yoast.com\/wordpress\/plugins\/seo\/ -->\n<title>Mon CV, un parcours de vie - Etho-Diversit\u00e9<\/title>\n<meta name=\"description\" content=\"Comportementaliste Animalier. Je partage mes connaissances avec passion\u00a0et d\u00e9veloppe\u00a0mon savoir r\u00e9guli\u00e8rement.\" \/>\n<meta name=\"robots\" content=\"index, follow, max-snippet:-1, max-image-preview:large, max-video-preview:-1\" \/>\n<link rel=\"canonical\" href=\"https:\/\/www.etho-diversite.fr\/index.php\/a-propos\/cv\/\" \/>\n<meta property=\"og:locale\" content=\"fr_FR\" \/>\n<meta property=\"og:type\" content=\"article\" \/>\n<meta property=\"og:title\" content=\"Mon CV, un parcours de vie - Etho-Diversit\u00e9\" \/>\n<meta property=\"og:description\" content=\"Comportementaliste Animalier. Je partage mes connaissances avec passion\u00a0et d\u00e9veloppe\u00a0mon savoir r\u00e9guli\u00e8rement.\" \/>\n<meta property=\"og:url\" content=\"https:\/\/www.etho-diversite.fr\/index.php\/a-propos\/cv\/\" \/>\n<meta property=\"og:site_name\" content=\"Etho-Diversit\u00e9\" \/>\n<meta property=\"article:modified_time\" content=\"2022-06-03T14:42:39+00:00\" \/>\n<meta property=\"og:image\" content=\"https:\/\/www.etho-diversite.fr\/wp-content\/uploads\/2016\/11\/ethologie-cheval-formation-0002-1.jpg\" \/>\n\t<meta property=\"og:image:width\" content=\"1100\" \/>\n\t<meta property=\"og:image:height\" content=\"460\" \/>\n\t<meta property=\"og:image:type\" content=\"image\/jpeg\" \/>\n<meta name=\"twitter:card\" content=\"summary_large_image\" \/>\n<meta name=\"twitter:site\" content=\"@etho_diversite\" \/>\n<meta name=\"twitter:label1\" content=\"Dur\u00e9e de lecture estim\u00e9e\" \/>\n\t<meta name=\"twitter:data1\" content=\"2 minutes\" \/>\n<script type=\"application\/ld+json\" class=\"yoast-schema-graph\">{\"@context\":\"https:\/\/schema.org\",\"@graph\":[{\"@type\":\"WebPage\",\"@id\":\"https:\/\/www.etho-diversite.fr\/index.php\/a-propos\/cv\/\",\"url\":\"https:\/\/www.etho-diversite.fr\/index.php\/a-propos\/cv\/\",\"name\":\"Mon CV, un parcours de vie - Etho-Diversit\u00e9\",\"isPartOf\":{\"@id\":\"https:\/\/www.etho-diversite.fr\/#website\"},\"datePublished\":\"2016-11-23T12:55:29+00:00\",\"dateModified\":\"2022-06-03T14:42:39+00:00\",\"description\":\"Comportementaliste Animalier. Je partage mes connaissances avec passion\u00a0et d\u00e9veloppe\u00a0mon savoir r\u00e9guli\u00e8rement.\",\"breadcrumb\":{\"@id\":\"https:\/\/www.etho-diversite.fr\/index.php\/a-propos\/cv\/#breadcrumb\"},\"inLanguage\":\"fr-FR\",\"potentialAction\":[{\"@type\":\"ReadAction\",\"target\":[\"https:\/\/www.etho-diversite.fr\/index.php\/a-propos\/cv\/\"]}]},{\"@type\":\"BreadcrumbList\",\"@id\":\"https:\/\/www.etho-diversite.fr\/index.php\/a-propos\/cv\/#breadcrumb\",\"itemListElement\":[{\"@type\":\"ListItem\",\"position\":1,\"name\":\"Accueil\",\"item\":\"https:\/\/www.etho-diversite.fr\/\"},{\"@type\":\"ListItem\",\"position\":2,\"name\":\"A Propos\",\"item\":\"https:\/\/www.etho-diversite.fr\/index.php\/a-propos\/\"},{\"@type\":\"ListItem\",\"position\":3,\"name\":\"Mon CV, un parcours de vie\"}]},{\"@type\":\"WebSite\",\"@id\":\"https:\/\/www.etho-diversite.fr\/#website\",\"url\":\"https:\/\/www.etho-diversite.fr\/\",\"name\":\"Etho-Diversit\u00e9\",\"description\":\"Ethologie Appliqu\u00e9e, Education Positive | EQUINS - BOVINS - CAPRINS\",\"publisher\":{\"@id\":\"https:\/\/www.etho-diversite.fr\/#\/schema\/person\/2db05b23d32d661768744ef0b2e3ed03\"},\"potentialAction\":[{\"@type\":\"SearchAction\",\"target\":{\"@type\":\"EntryPoint\",\"urlTemplate\":\"https:\/\/www.etho-diversite.fr\/?s={search_term_string}\"},\"query-input\":\"required name=search_term_string\"}],\"inLanguage\":\"fr-FR\"},{\"@type\":[\"Person\",\"Organization\"],\"@id\":\"https:\/\/www.etho-diversite.fr\/#\/schema\/person\/2db05b23d32d661768744ef0b2e3ed03\",\"name\":\"Pauline GARCIA | Etho-Diversit\u00e9\",\"image\":{\"@type\":\"ImageObject\",\"inLanguage\":\"fr-FR\",\"@id\":\"https:\/\/www.etho-diversite.fr\/#\/schema\/person\/image\/\",\"url\":\"https:\/\/www.etho-diversite.fr\/wp-content\/uploads\/2020\/07\/cropped-logo-Pauline-GARCIA-Etho-Diversit\u00e9-version-2019.jpg\",\"contentUrl\":\"https:\/\/www.etho-diversite.fr\/wp-content\/uploads\/2020\/07\/cropped-logo-Pauline-GARCIA-Etho-Diversit\u00e9-version-2019.jpg\",\"width\":2496,\"height\":2500,\"caption\":\"Pauline GARCIA | Etho-Diversit\u00e9\"},\"logo\":{\"@id\":\"https:\/\/www.etho-diversite.fr\/#\/schema\/person\/image\/\"},\"description\":\"\u00c9ducation positive bas\u00e9e sur l'\u00e9thologie, les besoins fondamentaux et le bien-\u00eatre de l'Animal, et plus particuli\u00e8rement ceux du cheval, de la vache, et de la ch\u00e8vre. Astuces, actualit\u00e9s, formations, stages, initiation, coaching sur etho-diversite.fr Coaching en ligne pour les 3 esp\u00e8ces et webinaire.\",\"sameAs\":[\"https:\/\/www.etho-diversit\u00e9.fr\"]}]}<\/script>\n<!-- \/ Yoast SEO plugin. -->","yoast_head_json":{"title":"Mon CV, un parcours de vie - Etho-Diversit\u00e9","description":"Comportementaliste Animalier. Je partage mes connaissances avec passion\u00a0et d\u00e9veloppe\u00a0mon savoir r\u00e9guli\u00e8rement.","robots":{"index":"index","follow":"follow","max-snippet":"max-snippet:-1","max-image-preview":"max-image-preview:large","max-video-preview":"max-video-preview:-1"},"canonical":"https:\/\/www.etho-diversite.fr\/index.php\/a-propos\/cv\/","og_locale":"fr_FR","og_type":"article","og_title":"Mon CV, un parcours de vie - Etho-Diversit\u00e9","og_description":"Comportementaliste Animalier. Je partage mes connaissances avec passion\u00a0et d\u00e9veloppe\u00a0mon savoir r\u00e9guli\u00e8rement.","og_url":"https:\/\/www.etho-diversite.fr\/index.php\/a-propos\/cv\/","og_site_name":"Etho-Diversit\u00e9","article_modified_time":"2022-06-03T14:42:39+00:00","og_image":[{"width":1100,"height":460,"url":"https:\/\/www.etho-diversite.fr\/wp-content\/uploads\/2016\/11\/ethologie-cheval-formation-0002-1.jpg","type":"image\/jpeg"}],"twitter_card":"summary_large_image","twitter_site":"@etho_diversite","twitter_misc":{"Dur\u00e9e de lecture estim\u00e9e":"2 minutes"},"schema":{"@context":"https:\/\/schema.org","@graph":[{"@type":"WebPage","@id":"https:\/\/www.etho-diversite.fr\/index.php\/a-propos\/cv\/","url":"https:\/\/www.etho-diversite.fr\/index.php\/a-propos\/cv\/","name":"Mon CV, un parcours de vie - Etho-Diversit\u00e9","isPartOf":{"@id":"https:\/\/www.etho-diversite.fr\/#website"},"datePublished":"2016-11-23T12:55:29+00:00","dateModified":"2022-06-03T14:42:39+00:00","description":"Comportementaliste Animalier. Je partage mes connaissances avec passion\u00a0et d\u00e9veloppe\u00a0mon savoir r\u00e9guli\u00e8rement.","breadcrumb":{"@id":"https:\/\/www.etho-diversite.fr\/index.php\/a-propos\/cv\/#breadcrumb"},"inLanguage":"fr-FR","potentialAction":[{"@type":"ReadAction","target":["https:\/\/www.etho-diversite.fr\/index.php\/a-propos\/cv\/"]}]},{"@type":"BreadcrumbList","@id":"https:\/\/www.etho-diversite.fr\/index.php\/a-propos\/cv\/#breadcrumb","itemListElement":[{"@type":"ListItem","position":1,"name":"Accueil","item":"https:\/\/www.etho-diversite.fr\/"},{"@type":"ListItem","position":2,"name":"A Propos","item":"https:\/\/www.etho-diversite.fr\/index.php\/a-propos\/"},{"@type":"ListItem","position":3,"name":"Mon CV, un parcours de vie"}]},{"@type":"WebSite","@id":"https:\/\/www.etho-diversite.fr\/#website","url":"https:\/\/www.etho-diversite.fr\/","name":"Etho-Diversit\u00e9","description":"Ethologie Appliqu\u00e9e, Education Positive | EQUINS - BOVINS - CAPRINS","publisher":{"@id":"https:\/\/www.etho-diversite.fr\/#\/schema\/person\/2db05b23d32d661768744ef0b2e3ed03"},"potentialAction":[{"@type":"SearchAction","target":{"@type":"EntryPoint","urlTemplate":"https:\/\/www.etho-diversite.fr\/?s={search_term_string}"},"query-input":"required name=search_term_string"}],"inLanguage":"fr-FR"},{"@type":["Person","Organization"],"@id":"https:\/\/www.etho-diversite.fr\/#\/schema\/person\/2db05b23d32d661768744ef0b2e3ed03","name":"Pauline GARCIA | Etho-Diversit\u00e9","image":{"@type":"ImageObject","inLanguage":"fr-FR","@id":"https:\/\/www.etho-diversite.fr\/#\/schema\/person\/image\/","url":"https:\/\/www.etho-diversite.fr\/wp-content\/uploads\/2020\/07\/cropped-logo-Pauline-GARCIA-Etho-Diversit\u00e9-version-2019.jpg","contentUrl":"https:\/\/www.etho-diversite.fr\/wp-content\/uploads\/2020\/07\/cropped-logo-Pauline-GARCIA-Etho-Diversit\u00e9-version-2019.jpg","width":2496,"height":2500,"caption":"Pauline GARCIA | Etho-Diversit\u00e9"},"logo":{"@id":"https:\/\/www.etho-diversite.fr\/#\/schema\/person\/image\/"},"description":"\u00c9ducation positive bas\u00e9e sur l'\u00e9thologie, les besoins fondamentaux et le bien-\u00eatre de l'Animal, et plus particuli\u00e8rement ceux du cheval, de la vache, et de la ch\u00e8vre. Astuces, actualit\u00e9s, formations, stages, initiation, coaching sur etho-diversite.fr Coaching en ligne pour les 3 esp\u00e8ces et webinaire.","sameAs":["https:\/\/www.etho-diversit\u00e9.fr"]}]}},"_links":{"self":[{"href":"https:\/\/www.etho-diversite.fr\/index.php\/wp-json\/wp\/v2\/pages\/173"}],"collection":[{"href":"https:\/\/www.etho-diversite.fr\/index.php\/wp-json\/wp\/v2\/pages"}],"about":[{"href":"https:\/\/www.etho-diversite.fr\/index.php\/wp-json\/wp\/v2\/types\/page"}],"author":[{"embeddable":true,"href":"https:\/\/www.etho-diversite.fr\/index.php\/wp-json\/wp\/v2\/users\/1"}],"replies":[{"embeddable":true,"href":"https:\/\/www.etho-diversite.fr\/index.php\/wp-json\/wp\/v2\/comments?post=173"}],"version-history":[{"count":54,"href":"https:\/\/www.etho-diversite.fr\/index.php\/wp-json\/wp\/v2\/pages\/173\/revisions"}],"predecessor-version":[{"id":1266,"href":"https:\/\/www.etho-diversite.fr\/index.php\/wp-json\/wp\/v2\/pages\/173\/revisions\/1266"}],"up":[{"embeddable":true,"href":"https:\/\/www.etho-diversite.fr\/index.php\/wp-json\/wp\/v2\/pages\/8"}],"wp:featuredmedia":[{"embeddable":true,"href":"https:\/\/www.etho-diversite.fr\/index.php\/wp-json\/wp\/v2\/media\/214"}],"wp:attachment":[{"href":"https:\/\/www.etho-diversite.fr\/index.php\/wp-json\/wp\/v2\/media?parent=173"}],"curies":[{"name":"wp","href":"https:\/\/api.w.org\/{rel}","templated":true}]}}