{"id":65,"date":"2016-11-23T12:32:13","date_gmt":"2016-11-23T11:32:13","guid":{"rendered":"http:\/\/etho-diversite.fr\/?page_id=65"},"modified":"2022-06-03T15:06:25","modified_gmt":"2022-06-03T13:06:25","slug":"mon-parcours","status":"publish","type":"page","link":"https:\/\/www.etho-diversite.fr\/index.php\/a-propos\/mon-parcours\/","title":{"rendered":"Mon Parcours"},"content":{"rendered":"<p style=\"text-align: justify;\"><img decoding=\"async\" loading=\"lazy\" class=\"size-full wp-image-402 aligncenter\" src=\"http:\/\/etho-diversite.fr\/wp-content\/uploads\/2016\/11\/cheval.jpg\" alt=\"cheval\" width=\"960\" height=\"546\" srcset=\"https:\/\/www.etho-diversite.fr\/wp-content\/uploads\/2016\/11\/cheval.jpg 960w, https:\/\/www.etho-diversite.fr\/wp-content\/uploads\/2016\/11\/cheval-300x171.jpg 300w, https:\/\/www.etho-diversite.fr\/wp-content\/uploads\/2016\/11\/cheval-768x437.jpg 768w\" sizes=\"(max-width: 960px) 100vw, 960px\" \/><\/p>\n<p style=\"text-align: justify;\">En 2008, Spirit, \u00e9talon non d\u00e9bourr\u00e9, arrive dans ma vie. Un \u00ab diamant brut \u00bb qu\u2019il faut tailler petit \u00e0 petit, jour apr\u00e8s jour pour obtenir une pierre pr\u00e9cieuse qui consentira \u00e0 recevoir tout ce qui lui est propos\u00e9 et \u00e0 se l\u2019approprier, toujours&nbsp; dans un rapport de respect mutuel que ce soit avec l\u2019homme ou avec ses cong\u00e9n\u00e8res. Le deuxi\u00e8me livre sur la relation cheval\/ \u00eatre humain \u00e9tait ouvert\u2026<\/p>\n<p style=\"text-align: justify;\">Avec Spirit, j\u2019\u00e9labore une relation homme\/animal saine bas\u00e9e sur la confiance. Pour d\u00e9velopper cette confiance, je m\u2019appuie sur la m\u00e9thode du \u00ab clicker-training \u00bb, une m\u00e9thode qui contribue \u00e0 renforcer les liens positifs avec son cheval. Spirit deviendra un cheval motiv\u00e9 et coop\u00e9rant dans les soins ou dans le travail.<\/p>\n<p style=\"text-align: justify;\">Mon int\u00e9r\u00eat pour le comportement animal me pousse naturellement vers une formation sp\u00e9cialis\u00e9e. J\u2019obtiens mon Dipl\u00f4me Universitaire d\u2019Ethologie du Cheval apr\u00e8s des \u00e9tudes \u00e0 l\u2019Universit\u00e9 de Rennes. Apr\u00e8s avoir travaill\u00e9 aupr\u00e8s de l\u2019\u00e9thologue H\u00e9l\u00e8ne ROCHE, l\u2019obtention d\u2019un BPREA (Brevet Professionnel de Responsable d\u2019Exploitation Agricole) me permettra d\u2019entrer en contact avec d\u2019autres esp\u00e8ces comme les bovins et les caprins sur lesquelles je travaille avec le clicker. L\u2019essai est concluant !<\/p>\n<p style=\"text-align: justify;\">Depuis 2013, j\u2019enseigne au Centre National des Etudes Sup\u00e9rieures d\u2019Ost\u00e9opathie Animale : CNESOA \u00e0 Riom Ch\u00e2tel-Guyon (63) sur les th\u00e8mes \u00abEtude comportementale de l\u2019animal\u00bb, \u00abComment aborder un animal en toute s\u00e9curit\u00e9 pour faciliter sa manipulation\u00bb.<\/p>\n<p style=\"text-align: justify;\"><img decoding=\"async\" loading=\"lazy\" class=\"size-full wp-image-405 aligncenter\" src=\"http:\/\/etho-diversite.fr\/wp-content\/uploads\/2016\/11\/ethologue.jpg\" alt=\"ethologue\" width=\"960\" height=\"336\" srcset=\"https:\/\/www.etho-diversite.fr\/wp-content\/uploads\/2016\/11\/ethologue.jpg 960w, https:\/\/www.etho-diversite.fr\/wp-content\/uploads\/2016\/11\/ethologue-300x105.jpg 300w, https:\/\/www.etho-diversite.fr\/wp-content\/uploads\/2016\/11\/ethologue-768x269.jpg 768w\" sizes=\"(max-width: 960px) 100vw, 960px\" \/><\/p>\n","protected":false},"excerpt":{"rendered":"<p>En 2008, Spirit, \u00e9talon non d\u00e9bourr\u00e9, arrive dans ma vie. Un \u00ab diamant brut \u00bb qu\u2019il faut tailler petit \u00e0 petit, jour apr\u00e8s jour pour obtenir une pierre pr\u00e9cieuse qui consentira \u00e0 recevoir tout ce qui lui est propos\u00e9 et<\/p>\n","protected":false},"author":1,"featured_media":135,"parent":8,"menu_order":2,"comment_status":"closed","ping_status":"closed","template":"","meta":{"_exactmetrics_skip_tracking":false,"_exactmetrics_sitenote_active":false,"_exactmetrics_sitenote_note":"","_exactmetrics_sitenote_category":0},"yoast_head":"<!-- This site is optimized with the Yoast SEO plugin v21.8.1 - https:\/\/yoast.com\/wordpress\/plugins\/seo\/ -->\n<title>Mon Parcours - Etho-Diversit\u00e9<\/title>\n<meta name=\"description\" content=\"Ethologie Appliqu\u00e9e &amp; Education Positive \u00c9QUINS \u2013 BOVINS \u2013 CAPRINS. Comportementaliste animalier (Coachings et Formations)\" \/>\n<meta name=\"robots\" content=\"index, follow, max-snippet:-1, max-image-preview:large, max-video-preview:-1\" \/>\n<link rel=\"canonical\" href=\"https:\/\/www.etho-diversite.fr\/index.php\/a-propos\/mon-parcours\/\" \/>\n<meta property=\"og:locale\" content=\"fr_FR\" \/>\n<meta property=\"og:type\" content=\"article\" \/>\n<meta property=\"og:title\" content=\"Mon Parcours - Etho-Diversit\u00e9\" \/>\n<meta property=\"og:description\" content=\"Ethologie Appliqu\u00e9e &amp; Education Positive \u00c9QUINS \u2013 BOVINS \u2013 CAPRINS. Comportementaliste animalier (Coachings et Formations)\" \/>\n<meta property=\"og:url\" content=\"https:\/\/www.etho-diversite.fr\/index.php\/a-propos\/mon-parcours\/\" \/>\n<meta property=\"og:site_name\" content=\"Etho-Diversit\u00e9\" \/>\n<meta property=\"article:modified_time\" content=\"2022-06-03T13:06:25+00:00\" \/>\n<meta property=\"og:image\" content=\"https:\/\/www.etho-diversite.fr\/wp-content\/uploads\/2016\/11\/11891132_1624958154426510_1420621095427388558_n-e1479903752605.png\" \/>\n\t<meta property=\"og:image:width\" content=\"497\" \/>\n\t<meta property=\"og:image:height\" content=\"461\" \/>\n\t<meta property=\"og:image:type\" content=\"image\/png\" \/>\n<meta name=\"twitter:card\" content=\"summary_large_image\" \/>\n<meta name=\"twitter:site\" content=\"@etho_diversite\" \/>\n<meta name=\"twitter:label1\" content=\"Dur\u00e9e de lecture estim\u00e9e\" \/>\n\t<meta name=\"twitter:data1\" content=\"2 minutes\" \/>\n<script type=\"application\/ld+json\" class=\"yoast-schema-graph\">{\"@context\":\"https:\/\/schema.org\",\"@graph\":[{\"@type\":\"WebPage\",\"@id\":\"https:\/\/www.etho-diversite.fr\/index.php\/a-propos\/mon-parcours\/\",\"url\":\"https:\/\/www.etho-diversite.fr\/index.php\/a-propos\/mon-parcours\/\",\"name\":\"Mon Parcours - Etho-Diversit\u00e9\",\"isPartOf\":{\"@id\":\"https:\/\/www.etho-diversite.fr\/#website\"},\"datePublished\":\"2016-11-23T11:32:13+00:00\",\"dateModified\":\"2022-06-03T13:06:25+00:00\",\"description\":\"Ethologie Appliqu\u00e9e & Education Positive \u00c9QUINS \u2013 BOVINS \u2013 CAPRINS. Comportementaliste animalier (Coachings et Formations)\",\"breadcrumb\":{\"@id\":\"https:\/\/www.etho-diversite.fr\/index.php\/a-propos\/mon-parcours\/#breadcrumb\"},\"inLanguage\":\"fr-FR\",\"potentialAction\":[{\"@type\":\"ReadAction\",\"target\":[\"https:\/\/www.etho-diversite.fr\/index.php\/a-propos\/mon-parcours\/\"]}]},{\"@type\":\"BreadcrumbList\",\"@id\":\"https:\/\/www.etho-diversite.fr\/index.php\/a-propos\/mon-parcours\/#breadcrumb\",\"itemListElement\":[{\"@type\":\"ListItem\",\"position\":1,\"name\":\"Accueil\",\"item\":\"https:\/\/www.etho-diversite.fr\/\"},{\"@type\":\"ListItem\",\"position\":2,\"name\":\"A Propos\",\"item\":\"https:\/\/www.etho-diversite.fr\/index.php\/a-propos\/\"},{\"@type\":\"ListItem\",\"position\":3,\"name\":\"Mon Parcours\"}]},{\"@type\":\"WebSite\",\"@id\":\"https:\/\/www.etho-diversite.fr\/#website\",\"url\":\"https:\/\/www.etho-diversite.fr\/\",\"name\":\"Etho-Diversit\u00e9\",\"description\":\"Ethologie Appliqu\u00e9e, Education Positive | EQUINS - BOVINS - CAPRINS\",\"publisher\":{\"@id\":\"https:\/\/www.etho-diversite.fr\/#\/schema\/person\/2db05b23d32d661768744ef0b2e3ed03\"},\"potentialAction\":[{\"@type\":\"SearchAction\",\"target\":{\"@type\":\"EntryPoint\",\"urlTemplate\":\"https:\/\/www.etho-diversite.fr\/?s={search_term_string}\"},\"query-input\":\"required name=search_term_string\"}],\"inLanguage\":\"fr-FR\"},{\"@type\":[\"Person\",\"Organization\"],\"@id\":\"https:\/\/www.etho-diversite.fr\/#\/schema\/person\/2db05b23d32d661768744ef0b2e3ed03\",\"name\":\"Pauline GARCIA | Etho-Diversit\u00e9\",\"image\":{\"@type\":\"ImageObject\",\"inLanguage\":\"fr-FR\",\"@id\":\"https:\/\/www.etho-diversite.fr\/#\/schema\/person\/image\/\",\"url\":\"https:\/\/www.etho-diversite.fr\/wp-content\/uploads\/2020\/07\/cropped-logo-Pauline-GARCIA-Etho-Diversit\u00e9-version-2019.jpg\",\"contentUrl\":\"https:\/\/www.etho-diversite.fr\/wp-content\/uploads\/2020\/07\/cropped-logo-Pauline-GARCIA-Etho-Diversit\u00e9-version-2019.jpg\",\"width\":2496,\"height\":2500,\"caption\":\"Pauline GARCIA | Etho-Diversit\u00e9\"},\"logo\":{\"@id\":\"https:\/\/www.etho-diversite.fr\/#\/schema\/person\/image\/\"},\"description\":\"\u00c9ducation positive bas\u00e9e sur l'\u00e9thologie, les besoins fondamentaux et le bien-\u00eatre de l'Animal, et plus particuli\u00e8rement ceux du cheval, de la vache, et de la ch\u00e8vre. Astuces, actualit\u00e9s, formations, stages, initiation, coaching sur etho-diversite.fr Coaching en ligne pour les 3 esp\u00e8ces et webinaire.\",\"sameAs\":[\"https:\/\/www.etho-diversit\u00e9.fr\"]}]}<\/script>\n<!-- \/ Yoast SEO plugin. -->","yoast_head_json":{"title":"Mon Parcours - Etho-Diversit\u00e9","description":"Ethologie Appliqu\u00e9e & Education Positive \u00c9QUINS \u2013 BOVINS \u2013 CAPRINS. Comportementaliste animalier (Coachings et Formations)","robots":{"index":"index","follow":"follow","max-snippet":"max-snippet:-1","max-image-preview":"max-image-preview:large","max-video-preview":"max-video-preview:-1"},"canonical":"https:\/\/www.etho-diversite.fr\/index.php\/a-propos\/mon-parcours\/","og_locale":"fr_FR","og_type":"article","og_title":"Mon Parcours - Etho-Diversit\u00e9","og_description":"Ethologie Appliqu\u00e9e & Education Positive \u00c9QUINS \u2013 BOVINS \u2013 CAPRINS. Comportementaliste animalier (Coachings et Formations)","og_url":"https:\/\/www.etho-diversite.fr\/index.php\/a-propos\/mon-parcours\/","og_site_name":"Etho-Diversit\u00e9","article_modified_time":"2022-06-03T13:06:25+00:00","og_image":[{"width":497,"height":461,"url":"https:\/\/www.etho-diversite.fr\/wp-content\/uploads\/2016\/11\/11891132_1624958154426510_1420621095427388558_n-e1479903752605.png","type":"image\/png"}],"twitter_card":"summary_large_image","twitter_site":"@etho_diversite","twitter_misc":{"Dur\u00e9e de lecture estim\u00e9e":"2 minutes"},"schema":{"@context":"https:\/\/schema.org","@graph":[{"@type":"WebPage","@id":"https:\/\/www.etho-diversite.fr\/index.php\/a-propos\/mon-parcours\/","url":"https:\/\/www.etho-diversite.fr\/index.php\/a-propos\/mon-parcours\/","name":"Mon Parcours - Etho-Diversit\u00e9","isPartOf":{"@id":"https:\/\/www.etho-diversite.fr\/#website"},"datePublished":"2016-11-23T11:32:13+00:00","dateModified":"2022-06-03T13:06:25+00:00","description":"Ethologie Appliqu\u00e9e & Education Positive \u00c9QUINS \u2013 BOVINS \u2013 CAPRINS. Comportementaliste animalier (Coachings et Formations)","breadcrumb":{"@id":"https:\/\/www.etho-diversite.fr\/index.php\/a-propos\/mon-parcours\/#breadcrumb"},"inLanguage":"fr-FR","potentialAction":[{"@type":"ReadAction","target":["https:\/\/www.etho-diversite.fr\/index.php\/a-propos\/mon-parcours\/"]}]},{"@type":"BreadcrumbList","@id":"https:\/\/www.etho-diversite.fr\/index.php\/a-propos\/mon-parcours\/#breadcrumb","itemListElement":[{"@type":"ListItem","position":1,"name":"Accueil","item":"https:\/\/www.etho-diversite.fr\/"},{"@type":"ListItem","position":2,"name":"A Propos","item":"https:\/\/www.etho-diversite.fr\/index.php\/a-propos\/"},{"@type":"ListItem","position":3,"name":"Mon Parcours"}]},{"@type":"WebSite","@id":"https:\/\/www.etho-diversite.fr\/#website","url":"https:\/\/www.etho-diversite.fr\/","name":"Etho-Diversit\u00e9","description":"Ethologie Appliqu\u00e9e, Education Positive | EQUINS - BOVINS - CAPRINS","publisher":{"@id":"https:\/\/www.etho-diversite.fr\/#\/schema\/person\/2db05b23d32d661768744ef0b2e3ed03"},"potentialAction":[{"@type":"SearchAction","target":{"@type":"EntryPoint","urlTemplate":"https:\/\/www.etho-diversite.fr\/?s={search_term_string}"},"query-input":"required name=search_term_string"}],"inLanguage":"fr-FR"},{"@type":["Person","Organization"],"@id":"https:\/\/www.etho-diversite.fr\/#\/schema\/person\/2db05b23d32d661768744ef0b2e3ed03","name":"Pauline GARCIA | Etho-Diversit\u00e9","image":{"@type":"ImageObject","inLanguage":"fr-FR","@id":"https:\/\/www.etho-diversite.fr\/#\/schema\/person\/image\/","url":"https:\/\/www.etho-diversite.fr\/wp-content\/uploads\/2020\/07\/cropped-logo-Pauline-GARCIA-Etho-Diversit\u00e9-version-2019.jpg","contentUrl":"https:\/\/www.etho-diversite.fr\/wp-content\/uploads\/2020\/07\/cropped-logo-Pauline-GARCIA-Etho-Diversit\u00e9-version-2019.jpg","width":2496,"height":2500,"caption":"Pauline GARCIA | Etho-Diversit\u00e9"},"logo":{"@id":"https:\/\/www.etho-diversite.fr\/#\/schema\/person\/image\/"},"description":"\u00c9ducation positive bas\u00e9e sur l'\u00e9thologie, les besoins fondamentaux et le bien-\u00eatre de l'Animal, et plus particuli\u00e8rement ceux du cheval, de la vache, et de la ch\u00e8vre. Astuces, actualit\u00e9s, formations, stages, initiation, coaching sur etho-diversite.fr Coaching en ligne pour les 3 esp\u00e8ces et webinaire.","sameAs":["https:\/\/www.etho-diversit\u00e9.fr"]}]}},"_links":{"self":[{"href":"https:\/\/www.etho-diversite.fr\/index.php\/wp-json\/wp\/v2\/pages\/65"}],"collection":[{"href":"https:\/\/www.etho-diversite.fr\/index.php\/wp-json\/wp\/v2\/pages"}],"about":[{"href":"https:\/\/www.etho-diversite.fr\/index.php\/wp-json\/wp\/v2\/types\/page"}],"author":[{"embeddable":true,"href":"https:\/\/www.etho-diversite.fr\/index.php\/wp-json\/wp\/v2\/users\/1"}],"replies":[{"embeddable":true,"href":"https:\/\/www.etho-diversite.fr\/index.php\/wp-json\/wp\/v2\/comments?post=65"}],"version-history":[{"count":7,"href":"https:\/\/www.etho-diversite.fr\/index.php\/wp-json\/wp\/v2\/pages\/65\/revisions"}],"predecessor-version":[{"id":1222,"href":"https:\/\/www.etho-diversite.fr\/index.php\/wp-json\/wp\/v2\/pages\/65\/revisions\/1222"}],"up":[{"embeddable":true,"href":"https:\/\/www.etho-diversite.fr\/index.php\/wp-json\/wp\/v2\/pages\/8"}],"wp:featuredmedia":[{"embeddable":true,"href":"https:\/\/www.etho-diversite.fr\/index.php\/wp-json\/wp\/v2\/media\/135"}],"wp:attachment":[{"href":"https:\/\/www.etho-diversite.fr\/index.php\/wp-json\/wp\/v2\/media?parent=65"}],"curies":[{"name":"wp","href":"https:\/\/api.w.org\/{rel}","templated":true}]}}