{"id":8,"date":"2016-11-22T21:45:56","date_gmt":"2016-11-22T20:45:56","guid":{"rendered":"http:\/\/etho-diversite.fr\/?page_id=8"},"modified":"2016-11-24T20:18:54","modified_gmt":"2016-11-24T19:18:54","slug":"a-propos","status":"publish","type":"page","link":"https:\/\/www.etho-diversite.fr\/index.php\/a-propos\/","title":{"rendered":"A Propos"},"content":{"rendered":"<p style=\"text-align: justify;\"><img decoding=\"async\" loading=\"lazy\" class=\"size-full wp-image-407 aligncenter\" src=\"http:\/\/etho-diversite.fr\/wp-content\/uploads\/2016\/11\/parcour-ethologie.jpg\" alt=\"parcour-ethologie\" width=\"960\" height=\"277\" srcset=\"https:\/\/www.etho-diversite.fr\/wp-content\/uploads\/2016\/11\/parcour-ethologie.jpg 960w, https:\/\/www.etho-diversite.fr\/wp-content\/uploads\/2016\/11\/parcour-ethologie-300x87.jpg 300w, https:\/\/www.etho-diversite.fr\/wp-content\/uploads\/2016\/11\/parcour-ethologie-768x222.jpg 768w\" sizes=\"(max-width: 960px) 100vw, 960px\" \/><\/p>\n<p style=\"text-align: justify;\">Bonjour, je m&rsquo;appelle Pauline. Ma passion pour le cheval commence tr\u00e8s jeune. Ma famille poss\u00e9dait des chevaux dont une belle jument pie pr\u00e9nomm\u00e9e \u00ab Pandra \u00bb. Gr\u00e2ce \u00e0 eux, j\u2019ai \u00e9prouv\u00e9 mes premi\u00e8res sensations de cavali\u00e8re d\u00e8s l\u2019\u00e2ge de 5 ans.<\/p>\n<p style=\"text-align: justify;\">Plus tard, je me perfectionne dans diff\u00e9rents centres \u00e9questres du Sud de la France.<\/p>\n<p style=\"text-align: justify;\">Tr\u00e8s rapidement, j\u2019ai une pr\u00e9f\u00e9rence pour les chevaux dits \u00ab difficiles \u00bb que personne ne souhaite monter. Je me souviens d\u2019un petit cheval nomm\u00e9 Kaboul \u00ab la terreur du centre \u00e9questre \u00bb : un Camargue au caract\u00e8re vif qui exprimait son m\u00e9contentement quand les actions\u00a0 \u00e9taient mal exprim\u00e9es. Moi, je prenais du plaisir \u00e0 le monter.<\/p>\n<p style=\"text-align: justify;\">Avec du recul, Kaboul \u00e9tait un livre ouvert sur le fonctionnement des relations entre le cheval et son cavalier. J\u2019ai ainsi pris conscience de l\u2019interaction qu\u2019il existait entre le comportement de l\u2019homme et celui de l\u2019animal et\u2026 inversement.<\/p>\n","protected":false},"excerpt":{"rendered":"<p>Bonjour, je m&rsquo;appelle Pauline. Ma passion pour le cheval commence tr\u00e8s jeune. Ma famille poss\u00e9dait des chevaux dont une belle jument pie pr\u00e9nomm\u00e9e \u00ab Pandra \u00bb. Gr\u00e2ce \u00e0 eux, j\u2019ai \u00e9prouv\u00e9 mes premi\u00e8res sensations de cavali\u00e8re d\u00e8s l\u2019\u00e2ge de 5<\/p>\n","protected":false},"author":1,"featured_media":30,"parent":0,"menu_order":1,"comment_status":"closed","ping_status":"closed","template":"","meta":{"_exactmetrics_skip_tracking":false,"_exactmetrics_sitenote_active":false,"_exactmetrics_sitenote_note":"","_exactmetrics_sitenote_category":0},"yoast_head":"<!-- This site is optimized with the Yoast SEO plugin v21.8.1 - https:\/\/yoast.com\/wordpress\/plugins\/seo\/ -->\n<title>A Propos - Etho-Diversit\u00e9<\/title>\n<meta name=\"robots\" content=\"index, follow, max-snippet:-1, max-image-preview:large, max-video-preview:-1\" \/>\n<link rel=\"canonical\" href=\"https:\/\/www.etho-diversite.fr\/index.php\/a-propos\/\" \/>\n<meta property=\"og:locale\" content=\"fr_FR\" \/>\n<meta property=\"og:type\" content=\"article\" \/>\n<meta property=\"og:title\" content=\"A Propos - Etho-Diversit\u00e9\" \/>\n<meta property=\"og:description\" content=\"Bonjour, je m&rsquo;appelle Pauline. Ma passion pour le cheval commence tr\u00e8s jeune. Ma famille poss\u00e9dait des chevaux dont une belle jument pie pr\u00e9nomm\u00e9e \u00ab Pandra \u00bb. Gr\u00e2ce \u00e0 eux, j\u2019ai \u00e9prouv\u00e9 mes premi\u00e8res sensations de cavali\u00e8re d\u00e8s l\u2019\u00e2ge de 5\" \/>\n<meta property=\"og:url\" content=\"https:\/\/www.etho-diversite.fr\/index.php\/a-propos\/\" \/>\n<meta property=\"og:site_name\" content=\"Etho-Diversit\u00e9\" \/>\n<meta property=\"article:modified_time\" content=\"2016-11-24T19:18:54+00:00\" \/>\n<meta property=\"og:image\" content=\"https:\/\/www.etho-diversite.fr\/wp-content\/uploads\/2016\/11\/936564_1657521991170126_2336106085154395862_n.jpg\" \/>\n\t<meta property=\"og:image:width\" content=\"960\" \/>\n\t<meta property=\"og:image:height\" content=\"720\" \/>\n\t<meta property=\"og:image:type\" content=\"image\/jpeg\" \/>\n<meta name=\"twitter:card\" content=\"summary_large_image\" \/>\n<meta name=\"twitter:site\" content=\"@etho_diversite\" \/>\n<meta name=\"twitter:label1\" content=\"Dur\u00e9e de lecture estim\u00e9e\" \/>\n\t<meta name=\"twitter:data1\" content=\"1 minute\" \/>\n<script type=\"application\/ld+json\" class=\"yoast-schema-graph\">{\"@context\":\"https:\/\/schema.org\",\"@graph\":[{\"@type\":\"WebPage\",\"@id\":\"https:\/\/www.etho-diversite.fr\/index.php\/a-propos\/\",\"url\":\"https:\/\/www.etho-diversite.fr\/index.php\/a-propos\/\",\"name\":\"A Propos - Etho-Diversit\u00e9\",\"isPartOf\":{\"@id\":\"https:\/\/www.etho-diversite.fr\/#website\"},\"datePublished\":\"2016-11-22T20:45:56+00:00\",\"dateModified\":\"2016-11-24T19:18:54+00:00\",\"breadcrumb\":{\"@id\":\"https:\/\/www.etho-diversite.fr\/index.php\/a-propos\/#breadcrumb\"},\"inLanguage\":\"fr-FR\",\"potentialAction\":[{\"@type\":\"ReadAction\",\"target\":[\"https:\/\/www.etho-diversite.fr\/index.php\/a-propos\/\"]}]},{\"@type\":\"BreadcrumbList\",\"@id\":\"https:\/\/www.etho-diversite.fr\/index.php\/a-propos\/#breadcrumb\",\"itemListElement\":[{\"@type\":\"ListItem\",\"position\":1,\"name\":\"Accueil\",\"item\":\"https:\/\/www.etho-diversite.fr\/\"},{\"@type\":\"ListItem\",\"position\":2,\"name\":\"A Propos\"}]},{\"@type\":\"WebSite\",\"@id\":\"https:\/\/www.etho-diversite.fr\/#website\",\"url\":\"https:\/\/www.etho-diversite.fr\/\",\"name\":\"Etho-Diversit\u00e9\",\"description\":\"Ethologie Appliqu\u00e9e, Education Positive | EQUINS - BOVINS - CAPRINS\",\"publisher\":{\"@id\":\"https:\/\/www.etho-diversite.fr\/#\/schema\/person\/2db05b23d32d661768744ef0b2e3ed03\"},\"potentialAction\":[{\"@type\":\"SearchAction\",\"target\":{\"@type\":\"EntryPoint\",\"urlTemplate\":\"https:\/\/www.etho-diversite.fr\/?s={search_term_string}\"},\"query-input\":\"required name=search_term_string\"}],\"inLanguage\":\"fr-FR\"},{\"@type\":[\"Person\",\"Organization\"],\"@id\":\"https:\/\/www.etho-diversite.fr\/#\/schema\/person\/2db05b23d32d661768744ef0b2e3ed03\",\"name\":\"Pauline GARCIA | Etho-Diversit\u00e9\",\"image\":{\"@type\":\"ImageObject\",\"inLanguage\":\"fr-FR\",\"@id\":\"https:\/\/www.etho-diversite.fr\/#\/schema\/person\/image\/\",\"url\":\"https:\/\/www.etho-diversite.fr\/wp-content\/uploads\/2020\/07\/cropped-logo-Pauline-GARCIA-Etho-Diversit\u00e9-version-2019.jpg\",\"contentUrl\":\"https:\/\/www.etho-diversite.fr\/wp-content\/uploads\/2020\/07\/cropped-logo-Pauline-GARCIA-Etho-Diversit\u00e9-version-2019.jpg\",\"width\":2496,\"height\":2500,\"caption\":\"Pauline GARCIA | Etho-Diversit\u00e9\"},\"logo\":{\"@id\":\"https:\/\/www.etho-diversite.fr\/#\/schema\/person\/image\/\"},\"description\":\"\u00c9ducation positive bas\u00e9e sur l'\u00e9thologie, les besoins fondamentaux et le bien-\u00eatre de l'Animal, et plus particuli\u00e8rement ceux du cheval, de la vache, et de la ch\u00e8vre. Astuces, actualit\u00e9s, formations, stages, initiation, coaching sur etho-diversite.fr Coaching en ligne pour les 3 esp\u00e8ces et webinaire.\",\"sameAs\":[\"https:\/\/www.etho-diversit\u00e9.fr\"]}]}<\/script>\n<!-- \/ Yoast SEO plugin. -->","yoast_head_json":{"title":"A Propos - Etho-Diversit\u00e9","robots":{"index":"index","follow":"follow","max-snippet":"max-snippet:-1","max-image-preview":"max-image-preview:large","max-video-preview":"max-video-preview:-1"},"canonical":"https:\/\/www.etho-diversite.fr\/index.php\/a-propos\/","og_locale":"fr_FR","og_type":"article","og_title":"A Propos - Etho-Diversit\u00e9","og_description":"Bonjour, je m&rsquo;appelle Pauline. Ma passion pour le cheval commence tr\u00e8s jeune. Ma famille poss\u00e9dait des chevaux dont une belle jument pie pr\u00e9nomm\u00e9e \u00ab Pandra \u00bb. Gr\u00e2ce \u00e0 eux, j\u2019ai \u00e9prouv\u00e9 mes premi\u00e8res sensations de cavali\u00e8re d\u00e8s l\u2019\u00e2ge de 5","og_url":"https:\/\/www.etho-diversite.fr\/index.php\/a-propos\/","og_site_name":"Etho-Diversit\u00e9","article_modified_time":"2016-11-24T19:18:54+00:00","og_image":[{"width":960,"height":720,"url":"https:\/\/www.etho-diversite.fr\/wp-content\/uploads\/2016\/11\/936564_1657521991170126_2336106085154395862_n.jpg","type":"image\/jpeg"}],"twitter_card":"summary_large_image","twitter_site":"@etho_diversite","twitter_misc":{"Dur\u00e9e de lecture estim\u00e9e":"1 minute"},"schema":{"@context":"https:\/\/schema.org","@graph":[{"@type":"WebPage","@id":"https:\/\/www.etho-diversite.fr\/index.php\/a-propos\/","url":"https:\/\/www.etho-diversite.fr\/index.php\/a-propos\/","name":"A Propos - Etho-Diversit\u00e9","isPartOf":{"@id":"https:\/\/www.etho-diversite.fr\/#website"},"datePublished":"2016-11-22T20:45:56+00:00","dateModified":"2016-11-24T19:18:54+00:00","breadcrumb":{"@id":"https:\/\/www.etho-diversite.fr\/index.php\/a-propos\/#breadcrumb"},"inLanguage":"fr-FR","potentialAction":[{"@type":"ReadAction","target":["https:\/\/www.etho-diversite.fr\/index.php\/a-propos\/"]}]},{"@type":"BreadcrumbList","@id":"https:\/\/www.etho-diversite.fr\/index.php\/a-propos\/#breadcrumb","itemListElement":[{"@type":"ListItem","position":1,"name":"Accueil","item":"https:\/\/www.etho-diversite.fr\/"},{"@type":"ListItem","position":2,"name":"A Propos"}]},{"@type":"WebSite","@id":"https:\/\/www.etho-diversite.fr\/#website","url":"https:\/\/www.etho-diversite.fr\/","name":"Etho-Diversit\u00e9","description":"Ethologie Appliqu\u00e9e, Education Positive | EQUINS - BOVINS - CAPRINS","publisher":{"@id":"https:\/\/www.etho-diversite.fr\/#\/schema\/person\/2db05b23d32d661768744ef0b2e3ed03"},"potentialAction":[{"@type":"SearchAction","target":{"@type":"EntryPoint","urlTemplate":"https:\/\/www.etho-diversite.fr\/?s={search_term_string}"},"query-input":"required name=search_term_string"}],"inLanguage":"fr-FR"},{"@type":["Person","Organization"],"@id":"https:\/\/www.etho-diversite.fr\/#\/schema\/person\/2db05b23d32d661768744ef0b2e3ed03","name":"Pauline GARCIA | Etho-Diversit\u00e9","image":{"@type":"ImageObject","inLanguage":"fr-FR","@id":"https:\/\/www.etho-diversite.fr\/#\/schema\/person\/image\/","url":"https:\/\/www.etho-diversite.fr\/wp-content\/uploads\/2020\/07\/cropped-logo-Pauline-GARCIA-Etho-Diversit\u00e9-version-2019.jpg","contentUrl":"https:\/\/www.etho-diversite.fr\/wp-content\/uploads\/2020\/07\/cropped-logo-Pauline-GARCIA-Etho-Diversit\u00e9-version-2019.jpg","width":2496,"height":2500,"caption":"Pauline GARCIA | Etho-Diversit\u00e9"},"logo":{"@id":"https:\/\/www.etho-diversite.fr\/#\/schema\/person\/image\/"},"description":"\u00c9ducation positive bas\u00e9e sur l'\u00e9thologie, les besoins fondamentaux et le bien-\u00eatre de l'Animal, et plus particuli\u00e8rement ceux du cheval, de la vache, et de la ch\u00e8vre. Astuces, actualit\u00e9s, formations, stages, initiation, coaching sur etho-diversite.fr Coaching en ligne pour les 3 esp\u00e8ces et webinaire.","sameAs":["https:\/\/www.etho-diversit\u00e9.fr"]}]}},"_links":{"self":[{"href":"https:\/\/www.etho-diversite.fr\/index.php\/wp-json\/wp\/v2\/pages\/8"}],"collection":[{"href":"https:\/\/www.etho-diversite.fr\/index.php\/wp-json\/wp\/v2\/pages"}],"about":[{"href":"https:\/\/www.etho-diversite.fr\/index.php\/wp-json\/wp\/v2\/types\/page"}],"author":[{"embeddable":true,"href":"https:\/\/www.etho-diversite.fr\/index.php\/wp-json\/wp\/v2\/users\/1"}],"replies":[{"embeddable":true,"href":"https:\/\/www.etho-diversite.fr\/index.php\/wp-json\/wp\/v2\/comments?post=8"}],"version-history":[{"count":8,"href":"https:\/\/www.etho-diversite.fr\/index.php\/wp-json\/wp\/v2\/pages\/8\/revisions"}],"predecessor-version":[{"id":409,"href":"https:\/\/www.etho-diversite.fr\/index.php\/wp-json\/wp\/v2\/pages\/8\/revisions\/409"}],"wp:featuredmedia":[{"embeddable":true,"href":"https:\/\/www.etho-diversite.fr\/index.php\/wp-json\/wp\/v2\/media\/30"}],"wp:attachment":[{"href":"https:\/\/www.etho-diversite.fr\/index.php\/wp-json\/wp\/v2\/media?parent=8"}],"curies":[{"name":"wp","href":"https:\/\/api.w.org\/{rel}","templated":true}]}}